{"id":302,"date":"2019-09-05T15:04:11","date_gmt":"2019-09-05T18:04:11","guid":{"rendered":"http:\/\/www12.goiania.go.gov.br\/semas\/?page_id=302"},"modified":"2019-09-11T16:28:11","modified_gmt":"2019-09-11T19:28:11","slug":"gerencia-de-beneficios-sociais","status":"publish","type":"page","link":"https:\/\/www.goiania.go.gov.br\/sedhs\/diretoria-de-protecao-social-basica\/gerencia-de-beneficios-sociais\/","title":{"rendered":"Ger\u00eancia de Benef\u00edcios Sociais"},"content":{"rendered":"\n<h2 class=\"wp-block-heading\">Ger\u00eancia de Benef\u00edcios Sociais<\/h2>\n\n\n\n<p><strong>Art. 25.<\/strong>&nbsp;Compete \u00e0 Ger\u00eancia de Benef\u00edcios Sociais, unidade integrante da estrutura da Diretoria de Prote\u00e7\u00e3o Social B\u00e1sica, e, ao seu titular:<\/p>\n\n\n\n<p><strong>I<\/strong>&nbsp;&#8211; a gest\u00e3o, orienta\u00e7\u00e3o e o controle:<\/p>\n\n\n\n<p><strong>a)<\/strong>&nbsp;do Programa Bolsa Fam\u00edlia (PBF);<\/p>\n\n\n\n<p><strong>b)<\/strong>&nbsp;do Benef\u00edcio da Presta\u00e7\u00e3o Continuada (BPC) e os Benef\u00edcios Eventuais (BE\u2019s);<\/p>\n\n\n\n<p><strong>c)<\/strong>&nbsp;dos Servi\u00e7os de Gest\u00e3o do Cadastro \u00danico (Cad\u00danico) e dos Programas de Transfer\u00eancia de Renda;<\/p>\n\n\n\n<p><strong>d)<\/strong>&nbsp;da concess\u00e3o da Carteira do Idoso;<\/p>\n\n\n\n<p><strong>e)<\/strong>&nbsp;dos Servi\u00e7os Sociais do Terminal Rodovi\u00e1rio;<\/p>\n\n\n\n<p><strong>II<\/strong>&nbsp;&#8211; executar os processamentos de alimenta\u00e7\u00e3o e atualiza\u00e7\u00e3o das informa\u00e7\u00f5es dos sistemas do Minist\u00e9rio de Desenvolvimento Social (MDS) relacionados \u00e0 transfer\u00eancia de renda;<\/p>\n\n\n\n<p><strong>III<\/strong>&nbsp;&#8211; cumprir o Protocolo de Gest\u00e3o Integrada entre servi\u00e7os e transfer\u00eancia de renda;<\/p>\n\n\n\n<p><strong>IV<\/strong>&nbsp;&#8211; elaborar Plano de Inser\u00e7\u00e3o e Acompanhamento de Benefici\u00e1rios do Programa Bolsa Fam\u00edlia, contendo a\u00e7\u00f5es, prazos e metas a serem executadas;<\/p>\n\n\n\n<p><strong>V<\/strong>&nbsp;&#8211; acompanhar, mensalmente, junto \u00e0s unidades competentes das Secretarias Municipais de Sa\u00fade, Educa\u00e7\u00e3o e Esporte o cumprimento das condicionalidades do PBF;<\/p>\n\n\n\n<p><strong>VI<\/strong>&nbsp;&#8211; definir com os Coordenadores dos CRAS, os meios e as ferramentas metodol\u00f3gicas de trabalho do Cad\u00danico e dos programas de transfer\u00eancia de renda;<\/p>\n\n\n\n<p><strong>VII<\/strong>&nbsp;&#8211; definir com os Coordenadores dos CRAS a realiza\u00e7\u00e3o da busca ativa para inser\u00e7\u00e3o das fam\u00edlias e indiv\u00edduos em vulnerabilidade social no Cad\u00danico de Programas Sociais;<\/p>\n\n\n\n<p><strong>VIII<\/strong>&nbsp;&#8211; monitorar, em conjunto com a \u00e1rea de vigil\u00e2ncia socioassistencial, o registro do acompanhamento das fam\u00edlias em descumprimento no Sistema de Condicionalidades (SICON) do MDS;<\/p>\n\n\n\n<p><strong>IX<\/strong>&nbsp;&#8211; manter equipes de verifica\u00e7\u00e3o e controle da concess\u00e3o ou manuten\u00e7\u00e3o das condicionalidades do PBF, para fins de detectar irregularidades e promover a sua suspens\u00e3o;<\/p>\n\n\n\n<p><strong>X<\/strong>&nbsp;&#8211; manter equipes pr\u00f3prias para inclus\u00e3o ou atualiza\u00e7\u00e3o do Cad\u00danico de popula\u00e7\u00f5es em situa\u00e7\u00e3o de rua e demais segmentos que demandem atendimento espec\u00edfico;<\/p>\n\n\n\n<p><strong>XI<\/strong>&nbsp;&#8211; sistematizar as informa\u00e7\u00f5es enviadas pelas unidades municipais de assist\u00eancia social, elaborando relat\u00f3rios estat\u00edsticos e de presta\u00e7\u00e3o de contas da gest\u00e3o do PBF e do BPC, de acordo com as diretrizes e especifica\u00e7\u00f5es do Minist\u00e9rio de Desenvolvimento Social (MDS);<\/p>\n\n\n\n<p><strong>XII<\/strong>&nbsp;&#8211; supervisionar e orientar tecnicamente os profissionais dos CRAS e demais unidades municipais de assist\u00eancia social para a avalia\u00e7\u00e3o e o cadastramento de requerentes do BPC e o seu encaminhamento ao INSS;<\/p>\n\n\n\n<p><strong>XIII<\/strong>&nbsp;&#8211; atuar de forma compartilhada com a Ger\u00eancia Executiva do INSS e com a Gest\u00e3o Estadual no desenvolvimento das a\u00e7\u00f5es de gerenciamento do BPC no \u00e2mbito do Munic\u00edpio, em conformidade com a legisla\u00e7\u00e3o vigente;<\/p>\n\n\n\n<p><strong>XIV<\/strong>&nbsp;&#8211; realizar articula\u00e7\u00e3o sistem\u00e1tica com a operadora banc\u00e1ria (Caixa Econ\u00f4mica Federal) e \u00f3rg\u00e3os dos governos federal e estadual relacionados \u00e0 gest\u00e3o do Cad\u00danico e do BPC;<\/p>\n\n\n\n<p><strong>XV<\/strong>&nbsp;&#8211; subsidiar e prestar informa\u00e7\u00f5es \u00e0s inst\u00e2ncias de controle dos programas de transfer\u00eancia de renda e demais \u00f3rg\u00e3os competentes;<\/p>\n\n\n\n<p><strong>XVI<\/strong>&nbsp;&#8211; definir estrat\u00e9gias de divulga\u00e7\u00e3o, quanto aos crit\u00e9rios e procedimentos de inclus\u00e3o ou atualiza\u00e7\u00e3o do Cad\u00danico e de benef\u00edcios dos programas de transfer\u00eancia de renda;<\/p>\n\n\n\n<p><strong>XVII<\/strong>&nbsp;&#8211; estabelecer parcerias com \u00f3rg\u00e3os e institui\u00e7\u00f5es municipais, estaduais e federais, governamentais e n\u00e3o governamentais, para a oferta de programas complementares aos benefici\u00e1rios do Programa Bolsa Fam\u00edlia;<\/p>\n\n\n\n<p><strong>XVIII<\/strong>&nbsp;&#8211; manter servi\u00e7o de recep\u00e7\u00e3o, identifica\u00e7\u00e3o, encaminhamento, acompanhamento dos benefici\u00e1rios do BPC e inseri-los \u00e0 rede de servi\u00e7os e programas socioassistenciais e de outras pol\u00edticas setoriais;<\/p>\n\n\n\n<p><strong>XIX<\/strong>&nbsp;&#8211; coordenar, operacionalizar, acompanhar e avaliar a presta\u00e7\u00e3o dos benef\u00edcios eventuais;<\/p>\n\n\n\n<p><strong>XX<\/strong>&nbsp;&#8211; manter servi\u00e7o de recep\u00e7\u00e3o, identifica\u00e7\u00e3o, encaminhamento e acompanhamento de pessoas e, ou fam\u00edlias usu\u00e1rias de atendimentos emergenciais, que se dirigirem \u00e0s Unidades Municipais de Assist\u00eancia Social, procedendo aos encaminhamentos necess\u00e1rios;<\/p>\n\n\n\n<p><strong>XXI<\/strong>&nbsp;&#8211; proporcionar atendimento e orienta\u00e7\u00e3o \u00e0s pessoas migrantes que chegam em Goi\u00e2nia sem refer\u00eancia familiar e em condi\u00e7\u00f5es econ\u00f4micas prec\u00e1rias, para sua perman\u00eancia no Munic\u00edpio, com poss\u00edveis encaminhamentos, ou o retorno \u00e0 cidade de origem;<\/p>\n\n\n\n<p><strong>XXII<\/strong>&nbsp;&#8211; supervisionar e orientar os profissionais dos CRAS para a avalia\u00e7\u00e3o e o cadastramento de potenciais usu\u00e1rios da Carteira do Idoso;<\/p>\n\n\n\n<p><strong>XXIII<\/strong>&nbsp;&#8211; exercer outras atividades correlatas \u00e0s suas atribui\u00e7\u00f5es e \u00e0s que lhe forem determinadas pelo Diretor de Prote\u00e7\u00e3o Social B\u00e1sica.<\/p>\n","protected":false},"excerpt":{"rendered":"<p>Ger\u00eancia de Benef\u00edcios Sociais Art. 25.&nbsp;Compete \u00e0 Ger\u00eancia de Benef\u00edcios Sociais, unidade integrante da estrutura da Diretoria de Prote\u00e7\u00e3o Social B\u00e1sica, e, ao seu titular: I&nbsp;&#8211; a gest\u00e3o, orienta\u00e7\u00e3o e o controle: a)&nbsp;do Programa Bolsa Fam\u00edlia (PBF); b)&nbsp;do Benef\u00edcio da Presta\u00e7\u00e3o Continuada (BPC) e os Benef\u00edcios Eventuais (BE\u2019s); c)&nbsp;dos Servi\u00e7os de Gest\u00e3o do Cadastro \u00danico [&hellip;]<\/p>\n","protected":false},"author":33,"featured_media":0,"parent":41,"menu_order":1,"comment_status":"closed","ping_status":"closed","template":"","meta":{"_acf_changed":false,"custom_icon_class":"","footnotes":""},"class_list":["post-302","page","type-page","status-publish","hentry"],"acf":[],"_links":{"self":[{"href":"https:\/\/www.goiania.go.gov.br\/sedhs\/wp-json\/wp\/v2\/pages\/302","targetHints":{"allow":["GET"]}}],"collection":[{"href":"https:\/\/www.goiania.go.gov.br\/sedhs\/wp-json\/wp\/v2\/pages"}],"about":[{"href":"https:\/\/www.goiania.go.gov.br\/sedhs\/wp-json\/wp\/v2\/types\/page"}],"author":[{"embeddable":true,"href":"https:\/\/www.goiania.go.gov.br\/sedhs\/wp-json\/wp\/v2\/users\/33"}],"replies":[{"embeddable":true,"href":"https:\/\/www.goiania.go.gov.br\/sedhs\/wp-json\/wp\/v2\/comments?post=302"}],"version-history":[{"count":5,"href":"https:\/\/www.goiania.go.gov.br\/sedhs\/wp-json\/wp\/v2\/pages\/302\/revisions"}],"predecessor-version":[{"id":620,"href":"https:\/\/www.goiania.go.gov.br\/sedhs\/wp-json\/wp\/v2\/pages\/302\/revisions\/620"}],"up":[{"embeddable":true,"href":"https:\/\/www.goiania.go.gov.br\/sedhs\/wp-json\/wp\/v2\/pages\/41"}],"wp:attachment":[{"href":"https:\/\/www.goiania.go.gov.br\/sedhs\/wp-json\/wp\/v2\/media?parent=302"}],"curies":[{"name":"wp","href":"https:\/\/api.w.org\/{rel}","templated":true}]}}