{"id":134,"date":"2019-09-05T11:38:35","date_gmt":"2019-09-05T14:38:35","guid":{"rendered":"http:\/\/www12.goiania.go.gov.br\/semas\/?page_id=134"},"modified":"2019-09-05T19:01:56","modified_gmt":"2019-09-05T22:01:56","slug":"tarifa-social-para-energia-eletrica","status":"publish","type":"page","link":"https:\/\/www.goiania.go.gov.br\/sedhs\/diretoria-de-protecao-social-basica\/cadunico-cadastro-unico\/tarifa-social-para-energia-eletrica\/","title":{"rendered":"Tarifa Social para Energia El\u00e9trica"},"content":{"rendered":"\n<p>\n\nA Tarifa Social de Energia El\u00e9trica \u00e9 um desconto na conta de luz destinado \u00e0s fam\u00edlias inscritas no Cadastro \u00danico com renda de at\u00e9 meio sal\u00e1rio m\u00ednimo per capita ou que tenham algum componente benefici\u00e1rio do Benef\u00edcio de Presta\u00e7\u00e3o Continuada da Assist\u00eancia Social (BPC). O desconto concedido varia de acordo com consumo de energia:<\/p>\n\n\n\n<p>As fam\u00edlias inscritas no Cadastro \u00danico com renda mensal de at\u00e9 tr\u00eas sal\u00e1rios m\u00ednimos que tenham entre seus membros pessoas em tratamento de sa\u00fade, que necessitam usar continuamente aparelhos com elevado consumo de energia, tamb\u00e9m recebem o desconto.<br>Para obter informa\u00e7\u00f5es adicionais, acesse a&nbsp;Lei n\u00ba 12.212, de 20 de janeiro de 2010, que disp\u00f5e sobre a Tarifa Social de Energia El\u00e9trica. <\/p>\n\n\n\n<p><\/p>\n\n\n\n<table class=\"wp-block-table aligncenter is-style-regular\"><tbody><tr><td>CONSUMO &nbsp; &nbsp; &nbsp; &nbsp; &nbsp; &nbsp; &nbsp; &nbsp;<\/td><td>MENSAL PERCENTUAL DE DESCONTO<\/td><\/tr><tr><td>At\u00e9 30 Kwh<\/td><td>                                    65%<\/td><\/tr><tr><td>De 31 kwh a 100 Kwh<\/td><td>                                    40%<\/td><\/tr><tr><td>De 101 Kwh a 220 Kwh<\/td><td>                                    10%<\/td><\/tr><\/tbody><\/table>\n\n\n\n<p><\/p>\n\n\n\n<p><strong>Fazer o Cad. \u00danico na secret\u00e1ria Municipal de Assist\u00eancia Social, localizada na rua 25-A esquina com Av. Rep\u00fablica do Libano no Setor Aeroporto de segunda a sexta-feira das 08:00 as 18:00, apresentando os seguintes documentos pessoais:<\/strong><\/p>\n\n\n\n<ul class=\"wp-block-list\"><li><strong>Identidade\/RG<\/strong><\/li><li><strong>CPF<\/strong><\/li><li><strong>Comprovante de endere\u00e7o<\/strong><\/li><\/ul>\n","protected":false},"excerpt":{"rendered":"<p>A Tarifa Social de Energia El\u00e9trica \u00e9 um desconto na conta de luz destinado \u00e0s fam\u00edlias inscritas no Cadastro \u00danico com renda de at\u00e9 meio sal\u00e1rio m\u00ednimo per capita ou que tenham algum componente benefici\u00e1rio do Benef\u00edcio de Presta\u00e7\u00e3o Continuada da Assist\u00eancia Social (BPC). O desconto concedido varia de acordo com consumo de energia: As [&hellip;]<\/p>\n","protected":false},"author":33,"featured_media":0,"parent":66,"menu_order":6,"comment_status":"closed","ping_status":"closed","template":"","meta":{"_acf_changed":false,"custom_icon_class":"","footnotes":""},"class_list":["post-134","page","type-page","status-publish","hentry"],"acf":[],"_links":{"self":[{"href":"https:\/\/www.goiania.go.gov.br\/sedhs\/wp-json\/wp\/v2\/pages\/134","targetHints":{"allow":["GET"]}}],"collection":[{"href":"https:\/\/www.goiania.go.gov.br\/sedhs\/wp-json\/wp\/v2\/pages"}],"about":[{"href":"https:\/\/www.goiania.go.gov.br\/sedhs\/wp-json\/wp\/v2\/types\/page"}],"author":[{"embeddable":true,"href":"https:\/\/www.goiania.go.gov.br\/sedhs\/wp-json\/wp\/v2\/users\/33"}],"replies":[{"embeddable":true,"href":"https:\/\/www.goiania.go.gov.br\/sedhs\/wp-json\/wp\/v2\/comments?post=134"}],"version-history":[{"count":6,"href":"https:\/\/www.goiania.go.gov.br\/sedhs\/wp-json\/wp\/v2\/pages\/134\/revisions"}],"predecessor-version":[{"id":418,"href":"https:\/\/www.goiania.go.gov.br\/sedhs\/wp-json\/wp\/v2\/pages\/134\/revisions\/418"}],"up":[{"embeddable":true,"href":"https:\/\/www.goiania.go.gov.br\/sedhs\/wp-json\/wp\/v2\/pages\/66"}],"wp:attachment":[{"href":"https:\/\/www.goiania.go.gov.br\/sedhs\/wp-json\/wp\/v2\/media?parent=134"}],"curies":[{"name":"wp","href":"https:\/\/api.w.org\/{rel}","templated":true}]}}