{"id":1555,"date":"2019-05-13T11:37:32","date_gmt":"2025-09-15T13:40:39","guid":{"rendered":"https:\/\/www.goiania.go.gov.br\/secult\/lei-conferencia-2023-2\/"},"modified":"2025-11-24T08:43:32","modified_gmt":"2025-11-24T11:43:32","slug":"lei-conferencia-2025","status":"publish","type":"page","link":"https:\/\/www.goiania.go.gov.br\/secult\/lei-conferencia-2025\/","title":{"rendered":"21\u00aa Confer\u00eancia Municipal de Cultura"},"content":{"rendered":"\n<p>A Prefeitura Municipal de Goi\u00e2nia atrav\u00e9s da Secretaria Municipal de Cultura Convoca por este Edital\/2025 de chamada p\u00fablica: Entidades Culturais, Associa\u00e7\u00f5es, Micro Empreendedores individuais &#8211; MEI, Micro Empresas \u2013 ME, Empresas LTDA, Empresas \u2013 EIRELI, Coletivos e Pessoas f\u00edsicas (artistas em geral que fazem e promove atividades culturais) que comprove atividades art\u00edsticas culturais nos termos desse Edital, para se cadastrarem e convida as demais entidades e pessoas f\u00edsicas para participar da <strong>21\u00aa Confer\u00eancia Municipal de Cultura do Munic\u00edpio de Goi\u00e2nia<\/strong>.<\/p>\n\n\n\n<hr class=\"wp-block-separator has-css-opacity\" \/>\n\n\n\n<h2 class=\"wp-block-heading\">Publica\u00e7\u00f5es<\/h2>\n\n\n\n<p>As publica\u00e7\u00f5es seguir\u00e3o ordem cronol\u00f3gica, as mais recentes em primeiro lugar:<\/p>\n\n\n\n<p><strong>\u2738 <a href=\"https:\/\/www.goiania.go.gov.br\/secult\/wp-content\/uploads\/sites\/5\/2025\/11\/resultado-inscricoes_21a_conferencia_municipal_de_cultura.pdf\" target=\"_blank\" rel=\"noreferrer noopener\">Resultado das Inscri\u00e7\u00f5es (PDF)<\/a><\/strong><\/p>\n\n\n\n<h2 class=\"wp-block-heading\">Edital e Orienta\u00e7\u00f5es para Inscri\u00e7\u00e3o<\/h2>\n\n\n\n<p>Inscri\u00e7\u00f5es abertas de 27 de outubro at\u00e9 o dia 7 de novembro de 2025, \u00e0s 23:59:59.<\/p>\n\n\n\n<p style=\"text-align:left;margin: 30px 10px\"><strong><a target=\"_blank\" rel=\"noreferrer noopener\" style=\"padding: 10px 20px;border-radius: 100px;background:#31997d;color:#fff\" href=\"https:\/\/www.goiania.go.gov.br\/secult\/wp-content\/uploads\/sites\/5\/2025\/10\/edital_21a_conferencia_municipal_de_cultura.pdf\">Edital&nbsp;2025&nbsp;&#8211;&nbsp;Confer\u00eancia&nbsp;Cultura<\/a><\/strong><\/p>\n\n\n\n<hr class=\"wp-block-separator has-css-opacity\" \/>\n\n\n\n<ul class=\"wp-block-list\">\n<li><strong>As Inscri\u00e7\u00f5es passar\u00e3o por habilita\u00e7\u00e3o documental.<\/strong><\/li>\n\n\n\n<li>O proponente deve possuir uma conta de e-mail Google e\/ou GMail. O Cadastro s\u00f3 pode ser realizado uma \u00fanica vez e ficar\u00e1 vinculado a este e-mail.<\/li>\n\n\n\n<li>O proponente deve preencher seus dados corretamente conforme solicitado no Edital<\/li>\n\n\n\n<li>Caso o proponente n\u00e3o possua Comprovante de Endere\u00e7o o mesmo poder\u00e1 ser substitu\u00eddo pelo documento abaixo a ser preenchido: <strong><a href=\"https:\/\/www.goiania.go.gov.br\/secult\/wp-content\/uploads\/sites\/5\/2023\/09\/conferencia-municipal-cultura-declaracao-endereco.pdf\" target=\"_blank\" rel=\"noreferrer noopener\">Declara\u00e7\u00e3o de Endere\u00e7o<\/a><\/strong><\/li>\n<\/ul>\n\n\n\n<h3 class=\"wp-block-heading\">Termo de Desist\u00eancia<\/h3>\n\n\n\n<p>Baixe aqui o termo de desist\u00eancia para ren\u00fancia \u00e0 candidatura ao cargo de Conselheiro Municipal de Cultura de Goi\u00e2nia: <a href=\"https:\/\/www.goiania.go.gov.br\/secult\/wp-content\/uploads\/sites\/5\/2025\/11\/Termo-de-Desiste\u0302ncia.pdf\" target=\"_blank\" rel=\"noreferrer noopener\"><strong>Termo de Desist\u00eancia (PDF)<\/strong><\/a><\/p>\n\n\n\n<hr class=\"wp-block-separator has-css-opacity\" \/>\n\n\n\n<h2 class=\"wp-block-heading\">Formul\u00e1rio de Inscri\u00e7\u00e3o<\/h2>\n\n\n\n<p>Certifique-se de ter lido todo o Edital e as orienta\u00e7\u00f5es para inscri\u00e7\u00e3o antes de iniciar o processo, n\u00e3o ser\u00e3o permitidas edi\u00e7\u00f5es ap\u00f3s o envio do formul\u00e1rio<\/p>\n\n\n\n<p style=\"text-align:left;margin: 30px 10px\"><strong><a target=\"_blank\" rel=\"noreferrer noopener\" style=\"padding: 10px 30px;border-radius: 100px;background:#275CAD;color:#fff;font-size:1.3rem\">INSCRI\u00c7\u00d5ES ENCERRADAS<\/a><\/strong><\/p>\n\n\n\n<p><\/p>\n","protected":false},"excerpt":{"rendered":"<p>A Prefeitura Municipal de Goi\u00e2nia atrav\u00e9s da Secretaria Municipal de Cultura Convoca por este Edital\/2025 de chamada p\u00fablica: Entidades Culturais, Associa\u00e7\u00f5es, Micro Empreendedores individuais &#8211; MEI, Micro Empresas \u2013 ME, Empresas LTDA, Empresas \u2013 EIRELI, Coletivos e Pessoas f\u00edsicas (artistas em geral que fazem e promove atividades culturais) que comprove atividades art\u00edsticas culturais nos termos [&hellip;]<\/p>\n","protected":false},"author":1,"featured_media":0,"parent":0,"menu_order":19,"comment_status":"closed","ping_status":"closed","template":"","meta":{"_acf_changed":false,"custom_icon_class":"","olho":"","footnotes":""},"class_list":["post-1555","page","type-page","status-publish","hentry"],"acf":[],"_links":{"self":[{"href":"https:\/\/www.goiania.go.gov.br\/secult\/wp-json\/wp\/v2\/pages\/1555","targetHints":{"allow":["GET"]}}],"collection":[{"href":"https:\/\/www.goiania.go.gov.br\/secult\/wp-json\/wp\/v2\/pages"}],"about":[{"href":"https:\/\/www.goiania.go.gov.br\/secult\/wp-json\/wp\/v2\/types\/page"}],"author":[{"embeddable":true,"href":"https:\/\/www.goiania.go.gov.br\/secult\/wp-json\/wp\/v2\/users\/1"}],"replies":[{"embeddable":true,"href":"https:\/\/www.goiania.go.gov.br\/secult\/wp-json\/wp\/v2\/comments?post=1555"}],"version-history":[{"count":10,"href":"https:\/\/www.goiania.go.gov.br\/secult\/wp-json\/wp\/v2\/pages\/1555\/revisions"}],"predecessor-version":[{"id":1576,"href":"https:\/\/www.goiania.go.gov.br\/secult\/wp-json\/wp\/v2\/pages\/1555\/revisions\/1576"}],"wp:attachment":[{"href":"https:\/\/www.goiania.go.gov.br\/secult\/wp-json\/wp\/v2\/media?parent=1555"}],"curies":[{"name":"wp","href":"https:\/\/api.w.org\/{rel}","templated":true}]}}