{"id":100,"date":"2019-08-01T11:16:29","date_gmt":"2019-08-01T14:16:29","guid":{"rendered":"http:\/\/www12.goiania.go.gov.br\/procon\/apresentacao\/missao\/"},"modified":"2021-04-29T09:07:31","modified_gmt":"2021-04-29T12:07:31","slug":"missao","status":"publish","type":"page","link":"https:\/\/www.goiania.go.gov.br\/procon\/apresentacao\/missao\/","title":{"rendered":"FINALIDADES E COMPET\u00caNCIAS"},"content":{"rendered":"\n<p><strong>Art. 4\u00ba<\/strong> S\u00e3o compet\u00eancias legais do Programa de Defesa do Consumidor &#8211; PROCON\/GOI\u00c2NIA, nos termos do art. 62 da Lei Complementar n\u00ba 335\/2021: <\/p>\n\n\n\n<p><strong>I &#8211; <\/strong>a execu\u00e7\u00e3o da pol\u00edtica municipal de prote\u00e7\u00e3o e defesa do consumidor, com vistas ao atendimento das necessidades dos consumidores, o respeito \u00e0 sua dignidade, sa\u00fade e seguran\u00e7a, a prote\u00e7\u00e3o de seus interesses econ\u00f4micos, a melhoria da sua qualidade de vida, bem como a transpar\u00eancia e harmonia das rela\u00e7\u00f5es de consumo;<\/p>\n\n\n\n<p> <strong>II &#8211;<\/strong> a expedi\u00e7\u00e3o de instru\u00e7\u00f5es visando a disciplina e manuten\u00e7\u00e3o dos servi\u00e7os prestados pelo PROCON;<\/p>\n\n\n\n<p><strong> III &#8211;<\/strong> a resposta ao Departamento Nacional de Prote\u00e7\u00e3o aos Direitos do Consumidor do Minist\u00e9rio da Justi\u00e7a, pela organiza\u00e7\u00e3o, regularidade, corre\u00e7\u00e3o e efici\u00eancia dos seus servi\u00e7os prestados; <\/p>\n\n\n\n<p><strong>IV &#8211;<\/strong> a gest\u00e3o do Fundo Municipal de Defesa do Consumidor, em conson\u00e2ncia com as diretrizes do Conselho Municipal de Defesa do Consumidor, nos termos da legisla\u00e7\u00e3o e normas pertinentes;<\/p>\n\n\n\n<p><strong> V &#8211;<\/strong> a manuten\u00e7\u00e3o de relacionamento e interc\u00e2mbio com \u00f3rg\u00e3os e entidades de defesa do consumidor, com vistas ao estabelecimento de mecanismos de coopera\u00e7\u00e3o e\/ou atua\u00e7\u00e3o em conjunto; <\/p>\n\n\n\n<p><strong>VI &#8211; <\/strong>a gest\u00e3o e o atendimento ao p\u00fablico em geral, prestando informa\u00e7\u00f5es, orienta\u00e7\u00f5es e esclarecimentos inerentes \u00e0 prote\u00e7\u00e3o e defesa dos direitos dos consumidores; <\/p>\n\n\n\n<p><strong>VII &#8211; <\/strong>a representa\u00e7\u00e3o, propositura e ajuizamento de a\u00e7\u00f5es coletivas, de que trata o artigo 81, da Lei Federal n\u00ba. 8.078\/90, conjuntamente com a Procuradoria Geral do Munic\u00edpio; <\/p>\n\n\n\n<p><strong>VIII &#8211;<\/strong> ado\u00e7\u00e3o das provid\u00eancias necess\u00e1rias para inscri\u00e7\u00e3o na D\u00edvida Ativa de infratores que n\u00e3o tenham liquidado seus d\u00e9bitos nos prazos legais; <\/p>\n\n\n\n<p><strong>IX &#8211;<\/strong> a programa\u00e7\u00e3o, coordena\u00e7\u00e3o e execu\u00e7\u00e3o de a\u00e7\u00f5es de fiscaliza\u00e7\u00e3o relativas \u00e0 defesa dos direitos dos consumidores no \u00e2mbito do Munic\u00edpio, nos termos da Lei Federal n\u00ba. 8.078\/90 e Decreto Federal n\u00ba. 2.181\/97; <\/p>\n\n\n\n<p><strong>X &#8211;<\/strong> a an\u00e1lise de recursos interpostos em face de san\u00e7\u00f5es administrativas aplicadas nos termos da Lei Federal n\u00ba 8.078, de 11 de setembro de 1990 e o Decreto Federal n\u00ba 2.181, de 20 de mar\u00e7o de 1997. <\/p>\n\n\n\n<p><strong>Par\u00e1grafo \u00fanico.<\/strong> Para a consecu\u00e7\u00e3o de suas finalidades e compet\u00eancias o Programa de Defesa do Consumidor &#8211; PROCON\/GOI\u00c2NIA poder\u00e1 firmar conv\u00eanios, contratos, acordos e ajustes com \u00f3rg\u00e3os e entidades das administra\u00e7\u00f5es p\u00fablicas federal, estadual e municipal, bem como com organismos nacionais, estrangeiros ou internacionais e entidades privadas, desde que autorizada pelo Chefe do Poder Executivo e assistido pela Procuradoria Geral do Munic\u00edpio.<\/p>\n","protected":false},"excerpt":{"rendered":"<p>Art. 4\u00ba S\u00e3o compet\u00eancias legais do Programa de Defesa do Consumidor &#8211; PROCON\/GOI\u00c2NIA, nos termos do art. 62 da Lei Complementar n\u00ba 335\/2021: I &#8211; a execu\u00e7\u00e3o da pol\u00edtica municipal de prote\u00e7\u00e3o e defesa do consumidor, com vistas ao atendimento das necessidades dos consumidores, o respeito \u00e0 sua dignidade, sa\u00fade e seguran\u00e7a, a prote\u00e7\u00e3o de [&hellip;]<\/p>\n","protected":false},"author":28,"featured_media":0,"parent":21,"menu_order":0,"comment_status":"closed","ping_status":"closed","template":"","meta":{"_acf_changed":false,"custom_icon_class":"","footnotes":""},"class_list":["post-100","page","type-page","status-publish","hentry"],"acf":[],"_links":{"self":[{"href":"https:\/\/www.goiania.go.gov.br\/procon\/wp-json\/wp\/v2\/pages\/100","targetHints":{"allow":["GET"]}}],"collection":[{"href":"https:\/\/www.goiania.go.gov.br\/procon\/wp-json\/wp\/v2\/pages"}],"about":[{"href":"https:\/\/www.goiania.go.gov.br\/procon\/wp-json\/wp\/v2\/types\/page"}],"author":[{"embeddable":true,"href":"https:\/\/www.goiania.go.gov.br\/procon\/wp-json\/wp\/v2\/users\/28"}],"replies":[{"embeddable":true,"href":"https:\/\/www.goiania.go.gov.br\/procon\/wp-json\/wp\/v2\/comments?post=100"}],"version-history":[{"count":6,"href":"https:\/\/www.goiania.go.gov.br\/procon\/wp-json\/wp\/v2\/pages\/100\/revisions"}],"predecessor-version":[{"id":377,"href":"https:\/\/www.goiania.go.gov.br\/procon\/wp-json\/wp\/v2\/pages\/100\/revisions\/377"}],"up":[{"embeddable":true,"href":"https:\/\/www.goiania.go.gov.br\/procon\/wp-json\/wp\/v2\/pages\/21"}],"wp:attachment":[{"href":"https:\/\/www.goiania.go.gov.br\/procon\/wp-json\/wp\/v2\/media?parent=100"}],"curies":[{"name":"wp","href":"https:\/\/api.w.org\/{rel}","templated":true}]}}