{"id":1441,"date":"2022-06-27T08:43:48","date_gmt":"2025-02-14T12:14:22","guid":{"rendered":"https:\/\/www.goiania.go.gov.br\/goianiatur\/caminho-dos-bougainvilles\/roteiro-art-deco-cultura-e-lazer\/"},"modified":"2025-05-13T11:17:03","modified_gmt":"2025-05-13T14:17:03","slug":"roteiro-art-deco-cultura-e-lazer-2","status":"publish","type":"page","link":"https:\/\/www.goiania.go.gov.br\/goianiatur\/caminho-dos-bougainvilles\/o-percurso\/roteiro-art-deco-cultura-e-lazer-2\/","title":{"rendered":"Roteiro Pra\u00e7as \u2013 Do Lago das Rosas a Pra\u00e7a do Amor"},"content":{"rendered":"<p><b>Modalidade: Ciclista<\/b><\/p>\n<p><b>Percurso:\u00a0 10,5 km<\/b><\/p>\n<p style=\"text-align: justify\"><b>Eleva\u00e7\u00e3o:\u00a0 109,9 m<\/b><\/p>\n<h2><b>Pontos tur\u00edsticos e trajeto do roteiro:<\/b><\/h2>\n<p style=\"text-align: justify\"><b>Parque Lago das Rosas &#8211;\u00a0<\/b><span style=\"font-weight: 400\">Localizado no setor Oeste o Lago das Rosas \u00e9 o parque mais antigo da cidade, constru\u00eddo na d\u00e9cada de 1940. Inicialmente abrigava um grande canteiro de rosas, de onde veio a inspira\u00e7\u00e3o para o nome. O lugar conserva ainda hoje elementos representativos no estilo Art D\u00e9co como a Mureta e o Trampolim. O parque possui pedalinhos, uma \u00e1rea verde convidativa \u00e0 pr\u00e1tica de piqueniques, al\u00e9m de uma extensa pista de caminhada. <\/span><\/p>\n<ul>\n<li style=\"font-weight: 400;text-align: justify\"><b>Mureta\/Trampolim \u2013 <\/b><span style=\"font-weight: 400\">Constru\u00edda em 1941, na via que ligava a ent\u00e3o cidade de Campininha das Flores (hoje bairro Campinas) \u00e0 cidade de Goi\u00e2nia, a Mureta delimitava a represa da nascente do c\u00f3rrego Capim Puba. Anos depois, a represa passou a ser um balne\u00e1rio p\u00fablico com 1,50 metros de profundidade e um trampolim. A mureta e o trampolim s\u00e3o tombados pelo IPHAN como bens hist\u00f3ricos, representantes da arquitetura Art D\u00e9co.<\/span><\/li>\n<\/ul>\n\n\n<p><img decoding=\"async\" src=\"https:\/\/lh7-rt.googleusercontent.com\/docsz\/AD_4nXdnEwIg8Dj1JyTitUt3QabclqiY4tSqvWdzfQ7xCSj8dDsAgzrekdIZL_EtDSZfPjv0WCjLke4pj5vsOSJUNyHFOFvOKXGRVl1NsfqLsRkPbYz7RwpnfmHRSpBvqoL_idcqOu4Qg9c-pG6pmNgrSHg?key=GUO1jfhVnjgI8ZWyZ9byFQ\" style=\"width: 900px\"><\/p>\n\n\n\n<p><img decoding=\"async\" src=\"https:\/\/lh7-rt.googleusercontent.com\/docsz\/AD_4nXfSZCMuxHEiwdHBnydP_ncDBfSvUpz7ZVOI8UuAu_wc-WhGJLoEHnq7-GD-yIiDtIQ-IyvlpL0zZASfmu23-a41M2TqcHAINmboSiid9B8z3rTHhsKWsIE7Y3c-nk6QPwWKJq07u7OoO6Wm1XfYDk8?key=GUO1jfhVnjgI8ZWyZ9byFQ\" style=\"width: 900px\"><\/p>\n\n\n<h6><b>Lago das Rosas &#8211; Trampolim (Foto: Jackson Rodrigues) <\/b><\/h6>\n<ul>\n<li style=\"text-align: justify\"><b>Parque Zool\u00f3gico &#8211; <\/b><span style=\"font-weight: 400\">Localizado no Lago das Rosas, o Parque Zool\u00f3gico de Goi\u00e2nia foi fundado em 1956, pelo encarregado e morador do Lago das Rosas, Saturnino Maciel de Carvalho. Embora o lago das Rosas naquela \u00e9poca j\u00e1 fosse um local de recrea\u00e7\u00e3o e lazer tradicionalmente usado pela popula\u00e7\u00e3o de Goi\u00e2nia, somente ap\u00f3s esta data, com a doa\u00e7\u00e3o de alguns animais pelo ornit\u00f3logo e professor Jos\u00e9 Hidasi, o zool\u00f3gico surgiu. O Parque Zool\u00f3gico de Goi\u00e2nia se modernizou e est\u00e1 engajado com os novos objetivos no cuidado e bem-estar dos animais.\u00a0<\/span><b>Endere\u00e7o:<\/b><span style=\"font-weight: 400\"> Alameda das Rosas, St. Oeste. Telefone: 62 3524.2390. Funcionamento: Quarta a domingo das 8h30 \u00e0s 16h.<\/span><\/li>\n<\/ul>\n\n\n<p><strong><img decoding=\"async\" src=\"https:\/\/lh7-rt.googleusercontent.com\/docsz\/AD_4nXcnTxkRR2qKtYgxHEiYRKGhZhzrJ8PPHPavIY-nR-E-6u0OZDZv_XiPIbkE3YRiUjclM2gVROdoYrtU7VKyBZqOAcIur7jaL6G3uW4yVFCjEN7ZXWRdUAJ1F2MFC1rgXzdrIxXcgY-X-BSAI3E2N3s?key=GUO1jfhVnjgI8ZWyZ9byFQ\" style=\"width: 900px\"><\/strong><\/p>\n\n\n<h6><b>Parque Zool\u00f3gico (Foto:Leandro Moura)<\/b><\/h6>\n<ul>\n<li style=\"font-weight: 400\"><span style=\"font-weight: 400\">Alameda das Rosas<\/span><\/li>\n<li>Rua 29-A<\/li>\n<li>Rua 16-B<\/li>\n<li>Alameda das Rosas<\/li>\n<li style=\"font-weight: 400\"><span style=\"font-weight: 400\">Avenida Portugal<\/span><\/li>\n<li style=\"font-weight: 400\"><span style=\"font-weight: 400\">Rua Jo\u00e3o de Abreu<\/span><\/li>\n<\/ul>\n<p style=\"text-align: justify\"><b>Pra\u00e7a do Sol \u2013 <\/b><span style=\"font-weight: 400\">A Pra\u00e7a do Sol localizada no Setor Oeste \u00e9 conhecida por abrigar nas tardes e noites dos domingos a Feira do Sol, que mistura artesanato, moda e gastronomia. A pra\u00e7a inclui acessibilidade para as pessoas com defici\u00eancia e idosos. Possui o primeiro ambiente exclusivo para animais de estima\u00e7\u00e3o, em \u00e1rea p\u00fablica na capital. Possui ainda academia ao ar livre, parque infantil com acessibilidade \u00e0s crian\u00e7as com defici\u00eancia, um anfiteatro com duas arquibancadas e a escultura \u201cEU AMO GOI\u00c2NIA\u201d.<\/span><\/p>\n<ul>\n<li style=\"font-weight: 400;text-align: justify\"><b>Escultura \u201cEU AMO GOI\u00c2NIA\u201d &#8211;<\/b><span style=\"font-weight: 400\">\u00a0 A escultura foi desenvolvida pela arquiteta Yara Hasegawa. Possui 1,5 m de altura e foi inaugurada em 2016. Elaborado com letras caixa alta em chapa met\u00e1lica, de grandes propor\u00e7\u00f5es. Cen\u00e1rio de fotografias para turistas e goianienses que desejam demonstrar seu amor pela cidade.<\/span><\/li>\n<\/ul>\n\n\n<p><img decoding=\"async\" src=\"https:\/\/lh7-rt.googleusercontent.com\/docsz\/AD_4nXeraTx_4hI5DZXyaxMWPoZBAvxO5Byxfkp9OlYH2rLMcI_YLbw3Xi5xP6kr9OzFcyX6y7JnGW7rYa2krvZihDNvzHo730SwNqTr5BAoG0LofYT9WwgqlcQarFITMiMwjDkQ6bpzh58T6_T4xM_hqZc?key=GUO1jfhVnjgI8ZWyZ9byFQ\" style=\"width: 900px\"><\/p>\n\n\n<h6><b>Pra\u00e7a do Sol \u2013 Escultura \u201cEU AMO GOI\u00c2NIA\u201d (Foto: Jackson Rodrigues) <\/b><\/h6>\n<ul>\n<li style=\"font-weight: 400\"><span style=\"font-weight: 400\">Rua 09<\/span><\/li>\n<li style=\"font-weight: 400\"><span style=\"font-weight: 400\">Avenida Assis Chateaubriand<\/span><\/li>\n<\/ul>\n<p style=\"text-align: justify\"><b>Pra\u00e7a Tamandar\u00e9 &#8211;<\/b><span style=\"font-weight: 400\"> Reduto de intelectuais, poetas, artistas e jovens nas d\u00e9cadas de 1970 e 1980, a Pra\u00e7a Tamandar\u00e9 est\u00e1 localizada na Av. Assis Chateaubriand, no setor Oeste. O espa\u00e7o \u00e9 um ref\u00fagio verde em meio a pr\u00e9dios e ruas movimentadas, que abriga a famosa Feira da Lua, realizada todos os s\u00e1bados. Al\u00e9m da Feira de Antiguidades da Pra\u00e7a Tamandar\u00e9 todo segundo domingo do m\u00eas (antiqu\u00e1rios, shows musicais, ve\u00edculos antigos, obras de arte).<\/span><\/p>\n<ul>\n<li style=\"text-align: justify\"><b>Busto Almirante Tamandar\u00e9 &#8211;<\/b><span style=\"font-weight: 400\"> Homenageia o patrono da Marinha do Brasil e tem em sua base a inscri\u00e7\u00e3o: \u201cEsta pra\u00e7a chama-se Almirante Tamandar\u00e9 como refer\u00eancia do povo de Goi\u00e2nia \u00e0 coragem e \u00e0 gl\u00f3ria da Marinha brasileira, da qual \u00e9 ele o s\u00edmbolo mais alto\u201d.<\/span><\/li>\n<\/ul>\n\n\n<p><strong><img decoding=\"async\" src=\"https:\/\/lh7-rt.googleusercontent.com\/docsz\/AD_4nXeqsmsU-OIMMOlWaox8VuvLl3mpStBjSn8z9exEXgo59azECKHXQIDlfN6rYZ7JXfGFbzIfdO0q3UOfBy_-TWQTgoDEBcQDvBJKQtXhqqznmbIULa8ps6BkIdnPxx6iqEKkFeKvNb9rLoGxiigjCA?key=GUO1jfhVnjgI8ZWyZ9byFQ\" style=\"width: 900px\"><\/strong><\/p>\n\n\n<h6><b>Pra\u00e7a Tamandar\u00e9 &#8211; Luzes de Natal (Foto: Jackson Rodrigues) <\/b><\/h6>\n<ul>\n<li><span style=\"font-weight: 400\">Avenida Assis Chateaubriand<\/span><\/li>\n<\/ul>\n<p style=\"text-align: justify\"><b>Bosque dos Buritis &#8211; <\/b><span style=\"font-weight: 400\">O Bosque dos Buritis \u00e9 um dos mais antigos e tradicionais cart\u00f5es-postais de Goi\u00e2nia. Com uma \u00e1rea aproximada de 141.500 m\u00b2, possui uma s\u00e9rie de atrativos, como o Museu de Arte de Goi\u00e2nia e o Centro Livre de Artes da Prefeitura. O parque oferece diversas op\u00e7\u00f5es de lazer e atividades, incluindo pista de caminhada, trilhas internas, orquid\u00e1rio, lanchonetes, quiosques, parquinho e equipamentos de gin\u00e1stica. Sua extensa \u00e1rea verde \u00e9 composta por diversos exemplares da \u00e1rvore que d\u00e1 nome ao parque, al\u00e9m de contar com dois lagos que possuem cascatas artificiais. Esses lagos s\u00e3o abastecidos pelo c\u00f3rrego Buriti e por canais subterr\u00e2neos. Endere\u00e7o: Avenida Assis Chateaubriand &#8211; Setor Oeste. Funcionamento: todos os dias das 7h \u00e0s 22h.<\/span><\/p>\n\n\n<p><strong><img decoding=\"async\" src=\"https:\/\/lh7-rt.googleusercontent.com\/docsz\/AD_4nXev39UrtY4tn_j3PCFB_o3AnMZtFws6mkFl9e77jXu7hNy_mslXXCdKMOMl-nXShofCTgpSNec7wQHgXpb6U2zyw-OulqykIhRZY7s_r2zs4rz7gnqy79gV0a0k31rw2VkaZBMXrujy0PJvXcCZhZg?key=GUO1jfhVnjgI8ZWyZ9byFQ\" style=\"width: 900px\"><\/strong><\/p>\n\n\n<h6><b>Bosque dos Buritis (Foto: Jackson Rodrigues) <\/b><\/h6>\n<ul>\n<li style=\"text-align: justify\"><b>Museu de Arte de Goi\u00e2nia &#8211; <\/b><span style=\"font-weight: 400\">Est\u00e1 localizado no Bosque dos Buritis e foi inaugurado em 20 de outubro de 1970. Seu primeiro diretor foi o professor e artista pl\u00e1stico Amaury Menezes. O MAG realiza tanto exposi\u00e7\u00f5es tempor\u00e1rias quanto permanentes, abrangendo diversas formas de arte. O acervo do MAG \u00e9 composto por mais de 700 obras de arte, incluindo pintura, desenho, gravura, escultura, objeto e arte popular. Telefone: 62 3524-1190. Funcionamento: ter\u00e7a a sexta-feira, das 9h \u00e0s 18h, s\u00e1bados e domingos, das 10h \u00e0s 16h.<\/span><\/li>\n<\/ul>\n\n\n<p><strong><img decoding=\"async\" src=\"https:\/\/lh7-rt.googleusercontent.com\/docsz\/AD_4nXdHWZTNKuOOKrQJJsoRbqrdM6zcig-ut4cYqf3XlEXOcyGKHYuyLPV2biNwyn2dY53nz2GXBdNlag746SUevuS8mtqkCXFZ7jYklrBP5AXRatfDNm5jXltiaQec31RYHzhFO2GeeImaIwD_uzUDpVM?key=GUO1jfhVnjgI8ZWyZ9byFQ\" style=\"width: 900px\"><\/strong><\/p>\n\n\n<h6><b>Museu de Arte de Goi\u00e2nia\u00a0 (Foto: Jackson Rodrigues) <\/b><\/h6>\n<ul>\n<li style=\"text-align: justify\"><b>Monumento \u00e0 Paz &#8211; <\/b><span style=\"font-weight: 400\">Est\u00e1 localizado no Bosque dos Buritis e foi inaugurado em 1988. A obra, criada pelo artista Siron Franco, \u00e9 feita de concreto e vidro e possui terra proveniente de dezesseis pa\u00edses dos cinco continentes em seu interior. Sua forma lembra uma ampulheta, e suas dimens\u00f5es s\u00e3o 520 x 325 x 325 cm.<\/span><\/li>\n<\/ul>\n\n\n<p><strong><img decoding=\"async\" src=\"https:\/\/lh7-rt.googleusercontent.com\/docsz\/AD_4nXeBVPooJEbpfRlTHS_bFXZbDePv1liquWK-aNCq75vFtoHtRdkRyN17L6DWZaNjHbU1GDT0tuvrb0qHrqG0Gc_qF806daMGG_dX6dSnPx0_qsfsdeZfHAqvKqmQDvBTOQEam9pRYx_4EIdBtMsvcqk?key=GUO1jfhVnjgI8ZWyZ9byFQ\" style=\"width: 900px\"><\/strong><\/p>\n\n\n<h6><b>Monumento \u00e0 Paz <\/b><b>(Foto: @gynsualinda)<\/b><\/h6>\n<ul>\n<li style=\"text-align: justify\"><b>Monumento aos Mortos e Desaparecidos na Luta Contra a Ditadura Militar &#8211; <\/b><span style=\"font-weight: 400\">\u00c9 uma escultura em formato de esfera e foi inaugurada em 2004 para homenagear os goianos mortos e desaparecidos pol\u00edticos dos anos de 1968 e 1969. Cada segmento da esfera representa uma v\u00edtima do regime militar, e os cortes na escultura permitem que a \u00e1gua escorra, simbolizando as l\u00e1grimas derramadas pelos familiares. O monumento est\u00e1 localizado na Avenida Assis Chateaubriand com Avenida Dona Gercina Borges, no Setor Oeste, em frente ao Bosque dos Buritis.<\/span><\/li>\n<\/ul>\n\n\n<p><img decoding=\"async\" src=\"https:\/\/lh7-rt.googleusercontent.com\/docsz\/AD_4nXdvyH0VzhoPqj-Jx2cZAaBeXJKXzIw1cemVjpl5ImZ7YCh6l-q6ZL7HZxigTuUa-15cP9KMAW1dHqT4l4FhHIESyu-VQKWK5RGdbxJUNiqHGZkBxaayh8qlAeqI7JBm0i7DhLIjKKQ9SulsJhXjQ4I?key=GUO1jfhVnjgI8ZWyZ9byFQ\" style=\"width: 900px\"><\/p>\n\n\n<h6><b>Monumento aos Mortos e Desaparecidos na Luta Contra a Ditadura Militar <\/b><b>(Foto: @gynsualinda)<\/b><\/h6>\n<ul>\n<li><span style=\"font-weight: 400\">Rua Dona Gercina Borges Teixeira<\/span><\/li>\n<\/ul>\n<p style=\"text-align: justify\"><b>Museu Pedro Ludovico Teixeira &#8211; <\/b><span style=\"font-weight: 400\">Sua constru\u00e7\u00e3o em estilo Art D\u00e9co foi realizada entre os anos de 1934 e 1937, sendo parte integrante do projeto de Att\u00edlio Corr\u00eaa Lima. O museu desempenha um papel fundamental na hist\u00f3ria arquitet\u00f4nica da cidade, representando um marco de modernidade ao mesmo tempo em que rompe com o passado colonial que ainda estava presente na antiga capital. O museu abriga um acervo diversificado, que remonta \u00e0 funda\u00e7\u00e3o de nossa capital e conta a hist\u00f3ria do fundador de Goi\u00e2nia. <\/span><b>Endere\u00e7o:<\/b> <span style=\"font-weight: 400\">Rua Dona Gercina Borges Teixeira, n\u00ba 133 &#8211; Setor Central. Telefone: 62 3201-4678. Funcionamento: Ter\u00e7a a domingo, das 9h \u00e0s 17h.<\/span><\/p>\n\n\n<p><img decoding=\"async\" src=\"https:\/\/lh7-rt.googleusercontent.com\/docsz\/AD_4nXeAE0bx7fLE3vCxfOWsKT0u0bYj5nye-Rx5pL1TgLaQW2fifica6pCl6nWuRcGugaGBdxkiZetZ2LU9Vs1bD3KohJR2riqTjJT6ZuFPvrDP6x1mEUAexY0zoHXjjJg_5335rk2An3UaIcS7xQDa7U4?key=GUO1jfhVnjgI8ZWyZ9byFQ\" style=\"width: 900px\"><\/p>\n\n\n<h6><b>Museu Pedro Ludovico Teixeira <\/b><b>(Foto:Leandro Moura)<\/b><\/h6>\n<ul>\n<li><span style=\"font-weight: 400\">Rua Dona Gercina Borges Teixeira<\/span><\/li>\n<\/ul>\n<p style=\"text-align: justify\"><b>Pra\u00e7a Dr. Pedro Ludovico Teixeira &#8211; <\/b><span style=\"font-weight: 400\">Popularmente conhecida como Pra\u00e7a C\u00edvica \u00e9 oficialmente denominada Pra\u00e7a Pedro Ludovico Teixeira, em homenagem ao fundador da cidade, e representa o marco inicial da capital. A partir dela partem grandes avenidas em todas as dire\u00e7\u00f5es da cidade servindo como refer\u00eancia para a denomina\u00e7\u00e3o dos primeiros bairros da capital. Em 2016, passou por um processo de revitaliza\u00e7\u00e3o que a aproximou do projeto original de 1933. A pra\u00e7a possui uma \u00e1rea livre de 12 mil metros quadrados. Ao visit\u00e1-la, voc\u00ea encontrar\u00e1:<\/span><\/p>\n<ul>\n<li style=\"text-align: justify\"><b>Antiga Chefatura de Pol\u00edcia &#8211; <\/b><span style=\"font-weight: 400\">Constru\u00eddo na d\u00e9cada de 1930 em estilo Art D\u00e9co, o edif\u00edcio, que faz parte dos bens tombados pelo IPHAN, est\u00e1 localizado na Pra\u00e7a C\u00edvica e teve diferentes usos ao longo da hist\u00f3ria. Inaugurado em 1937 com a finalidade de abrigar a Chefatura de Pol\u00edcia e Cadeia P\u00fablica, posteriormente foi utilizado como superintend\u00eancia de obras do Plano de Desenvolvimento do Estado, Procuradoria Geral do Estado e Secretaria Estadual de Cultura e atualmente \u00e9 a sede do Instituto Mauro Borges (IMB).<\/span><\/li>\n<li style=\"text-align: justify\"><b>Instala\u00e7\u00e3o Caleidosc\u00f3pio &#8211; <\/b><span style=\"font-weight: 400\">Inaugurada em 2015, de autoria de Siron Franco, a instala\u00e7\u00e3o faz refer\u00eancia ao passado e ao futuro de Goi\u00e1s, apresentando figuras que representam ind\u00edgenas e crian\u00e7as. A obra consiste em dois paineis em a\u00e7o inoxid\u00e1vel espelhado, dispostos em forma de &#8220;Y&#8221;, os quais refletem as figuras feitas do mesmo material.<\/span><\/li>\n<\/ul>\n\n\n<p><strong><img decoding=\"async\" src=\"https:\/\/lh7-rt.googleusercontent.com\/docsz\/AD_4nXdWNLHCjtuHqT8oJUi3ihvcXMzXiKrDdldibwwz3-UfDthR_pBnJv-cYd1khy2ka3PAWEufatf-j-cR8VLZ-1i3sz6UryjVULfUp1ivxLCpxONVohIDkeyee3mjwX_1njlJ09dwi58CqjIzVURULbw?key=GUO1jfhVnjgI8ZWyZ9byFQ\" style=\"width: 900px\"><\/strong><\/p>\n\n\n<h6><b>Instala\u00e7\u00e3o Caleidosc\u00f3pio (Foto: Jackson Rodrigues)<\/b><\/h6>\n<ul>\n<li><b>Monumento em homenagem a Pedro Ludovico Teixeira &#8211; <\/b><span style=\"font-weight: 400\">A est\u00e1tua retrata o fundador de Goi\u00e2nia, Pedro Ludovico, montado em um cavalo. A obra, de autoria da artista Neusa Morais, foi constru\u00edda em gesso, ferro e bronze, e possui dimens\u00f5es de 7 metros de altura por 3 metros de comprimento e 1,8 metros de largura. O monumento pesa 2,5 toneladas.<\/span><\/li>\n<\/ul>\n\n\n<p><img decoding=\"async\" src=\"https:\/\/lh7-rt.googleusercontent.com\/docsz\/AD_4nXeg_eyK7ygof8mmOUnQvhVr_GPJxy3_H_h19oA_0smX8YK0OcTprp3hcgCUQOMsxGX-ua2ofpkm9U2ohLcOI3cFAExhgvV_2iU0-i09SrxLwpxc_n4dnjRtO_JBoTxBHst9asaDAZskf7USWI6wRQ?key=GUO1jfhVnjgI8ZWyZ9byFQ\" style=\"width: 900px\"><\/p>\n\n\n<h6><b>Monumento em homenagem a Pedro Ludovico Teixeira <\/b><b>(Foto: @wsmartins) <\/b><\/h6>\n<ul>\n<li style=\"text-align: justify\"><b>Procuradoria Geral do Estado &#8211; <\/b><span style=\"font-weight: 400\">Antigo F\u00f3rum e Tribunal de Justi\u00e7a, o edif\u00edcio \u00e9 um bem tombado pelo IPHAN. As colunas do edif\u00edcio formam uma galeria que interage harmoniosamente com o Pal\u00e1cio das Esmeraldas e o Centro Cultural Marieta Telles. A constru\u00e7\u00e3o teve in\u00edcio em 1936 e o projeto foi originalmente desenvolvido por Att\u00edlio Corr\u00eaa Lima, com posterior altera\u00e7\u00f5es realizadas pela Superintend\u00eancia Geral de Obras, em colabora\u00e7\u00e3o com a empresa Coimbra Bueno Ltda., assessorados pelo engenheiro urbanista Armando Augusto de Godoy.<\/span><\/li>\n<li style=\"text-align: justify\"><b><\/b><b>Pal\u00e1cio das Esmeraldas &#8211; <\/b><span style=\"font-weight: 400\">\u00c9 a sede do governo estadual e a resid\u00eancia oficial do governador de Goi\u00e1s desde a transfer\u00eancia da capital. Sua constru\u00e7\u00e3o teve in\u00edcio em 1933 e foi inaugurado em 1937. O pal\u00e1cio possui tr\u00eas pavimentos e seu exterior \u00e9 revestido com p\u00f3 de pedra verde, imitando a cor da pedra que lhe deu o nome. Os vitrais do pal\u00e1cio retratam as principais atividades econ\u00f4micas do estado na \u00e9poca. O Pal\u00e1cio das Esmeraldas \u00e9 um bem tombado pelo IPHAN.<\/span><\/li>\n<\/ul>\n\n\n<p><strong><img decoding=\"async\" src=\"https:\/\/lh7-rt.googleusercontent.com\/docsz\/AD_4nXc-O4DoyPg98nLDt8y0Gj4YizZkmGZR4hngm86qQmWys60hc_KA5P23zT2AqZjXxhxON71BHXx6nGFqCLNuRiGl_cbRg1elkmjusofUSJbz6IFKBpQtFYTxX1pgGevd0sqvj4_rrPE7N5tJ_Qj5jX4?key=GUO1jfhVnjgI8ZWyZ9byFQ\" style=\"width: 900px\"><\/strong><\/p>\n\n\n<h6><b>Pal\u00e1cio das Esmeraldas <\/b><b>(Foto:Leandro Moura)<\/b><\/h6>\n<ul>\n<li style=\"text-align: justify\"><b>Monumento \u00e0s Tr\u00eas Ra\u00e7as &#8211; <\/b><span style=\"font-weight: 400\">O Monumento \u00e0s Tr\u00eas Ra\u00e7as \u00e9 uma obra da artista Neusa Morais, inaugurada em 1967, feita em bronze e granitina. Tr\u00eas figuras humanas erguendo um marco simbolizam os pioneiros que contribu\u00edram para a constru\u00e7\u00e3o de Goi\u00e2nia, representando tamb\u00e9m os diferentes grupos \u00e9tnicos que formaram a popula\u00e7\u00e3o goiana: o ind\u00edgena, o negro e o branco.<\/span><\/li>\n<\/ul>\n\n\n<p><strong><img decoding=\"async\" src=\"https:\/\/lh7-rt.googleusercontent.com\/docsz\/AD_4nXd2DYhJ7y9zxy1qSDt0PQ2naZ2HO-Fx4w6QmSM8IpSo7LPXBSoysG1g9iiu5yf9H-esMNPwxsNnU1aZS_q-B67qNtdDLMqddulxRk4G5GlGffcRCdivadK2IEvW9NTkD1mxeMG9ffwqTmPwajQ1W8I?key=GUO1jfhVnjgI8ZWyZ9byFQ\" style=\"width: 900px\"><\/strong><\/p>\n\n\n<h6><b>Monumento \u00e0s Tr\u00eas Ra\u00e7as <\/b><b>(Foto:Leandro Moura)<\/b><\/h6>\n<ul>\n<li style=\"text-align: justify\"><b>Centro Cultural Marieta Teles &#8211; <\/b><span style=\"font-weight: 400\">Os pr\u00e9dios do Centro Cultural Marieta Teles, constru\u00eddos em estilo Art D\u00e9co, s\u00e3o bens tombados pelo IPHAN. Os pr\u00e9dios j\u00e1 abrigaram a sede do escrit\u00f3rio t\u00e9cnico das obras da constru\u00e7\u00e3o de Goi\u00e2nia, a Secretaria da Fazenda Estadual e atualmente abriga o Museu da Imagem e do Som, o Cine Cultura, a Gibiteca Jorge Braga e uma biblioteca.<\/span><\/li>\n<\/ul>\n<p style=\"text-align: justify\">\n\n\n<p><strong><img decoding=\"async\" src=\"https:\/\/lh7-rt.googleusercontent.com\/docsz\/AD_4nXe6roMQB0zF3V-PtnN7AtfLECQxv4O1_EpTVidnbeAKlVTZQfr7gQ0h0tDs22YkGqCYWsQo8iAruE8FFr6Uk6Nx5JQRJgmaEP3j4asfRVc6Hzmrtpc7XidTbFK-QvDlfiMMyb5cmNGMYSSsoqL92Vo?key=GUO1jfhVnjgI8ZWyZ9byFQ\" style=\"width: 900px\"><\/strong><\/p>\n\n\n<h6><b>Centro Cultural Marieta Teles <\/b><b>(Foto: @gynsualinda)<\/b><\/h6>\n<ul>\n<li style=\"text-align: justify\"><b>Museu Zoroastro Artiaga &#8211; <\/b><span style=\"font-weight: 400\">A hist\u00f3ria do Museu Goiano Professor Zoroastro Artiaga come\u00e7ou, oficialmente, no dia 06 de fevereiro de 1946, quando foi assinado o decreto \u2013 Lei n\u00ba 383 para a cria\u00e7\u00e3o do primeiro Museu Estadual de Goi\u00e1s. A comiss\u00e3o organizadora do museu trabalhou em v\u00e1rias frentes: geologia mineral, fauna, arqueologia, document\u00e1ria, arquitetura, qu\u00edmica, ind\u00fastria manufaturada, f\u00f3sseis, flora, agricultura, pecu\u00e1ria, antropologia e ind\u00edgenas de Goi\u00e1s. Telefone: 62 3201-4676. Funcionamento: Segunda a sexta-feira, das 9h \u00e0s 17h. S\u00e1bados, domingos e feriados das 9h \u00e0s 15h.<\/span><\/li>\n<\/ul>\n\n\n<p><strong><img decoding=\"async\" src=\"https:\/\/lh7-rt.googleusercontent.com\/docsz\/AD_4nXd3h5ciIheZrCKgMrQ8w3FaAEVubu8M5KMowyvAm-Yfxo2PzDtp7_KLWuqMFp7Qqk6mmqfY_-csBEHUuHykbOeOLtfXXpf_inwiwoIIkFh6eikJAbpAxOpjmvKKuucmkyaFieNCCOqRsqsBW7d72h4?key=GUO1jfhVnjgI8ZWyZ9byFQ\" style=\"width: 900px\"><\/strong><\/p>\n\n\n<h6><b>Museu Zoroastro Artiaga <\/b><b>(Foto:Leandro Moura)<\/b><\/h6>\n<ul>\n<li style=\"text-align: justify\"><b>Coreto &#8211;\u00a0 <\/b><span style=\"font-weight: 400\">Projetado por Jorge F\u00e9lix de Souza, o coreto em estilo Art D\u00e9co \u00e9 tombado pelo IPHAN. Constru\u00eddo em alvenaria revestida com p\u00f3 de pedra e olivina, possui as dimens\u00f5es de 520 x 1230 x 720 cm. Localizado na Pra\u00e7a C\u00edvica, no in\u00edcio da Avenida Goi\u00e1s, o coreto serviu como palco para manifesta\u00e7\u00f5es art\u00edsticas, culturais e pol\u00edticas ao longo dos anos. Sua inaugura\u00e7\u00e3o ocorreu oficialmente em 5 de julho de 1942, durante o Batismo Cultural de Goi\u00e2nia e \u00e9 considerado uma das constru\u00e7\u00f5es mais ricas em detalhes no estilo Art D\u00e9co.\u00a0<\/span><\/li>\n<\/ul>\n\n\n<p><img decoding=\"async\" src=\"https:\/\/lh7-rt.googleusercontent.com\/docsz\/AD_4nXefW4dmvcuKxEvF8JQSmENuyzdhmqAbIFys8rZOdzMMosw-h-n-1kSjJMSIV44d5W856GNPNVgirnan1EBsUooC6UJsdb9ZAO3Uk6ROraECzolmroAx50TlXWmroXM25K1-3F5GvPuhLwpNr3lwD_M?key=GUO1jfhVnjgI8ZWyZ9byFQ\" style=\"width: 900px\"><\/p>\n\n\n<h6><b>Coreto (Foto: Jackson Rodrigues)<\/b><\/h6>\n<p style=\"text-align: justify\"><b>Catedral Metropolitana \u2013<\/b> <span style=\"font-weight: 400\">A Catedral Metropolitana Nossa Senhora Auxiliadora \u00e9 um templo da Igreja Cat\u00f3lica situado em Goi\u00e2nia. H\u00e1 quem associe a torre da catedral a caracter\u00edsticas das primeiras constru\u00e7\u00f5es da capital. O estilo da Catedral \u00e9 moderno-ecl\u00e9tico, com influ\u00eancia de alguns estilos europeus da arte sacra moderna, como o neo rom\u00e2ntico, neo basilical e neog\u00f3tico.<\/span><\/p>\n\n\n<p><img decoding=\"async\" src=\"https:\/\/lh7-rt.googleusercontent.com\/docsz\/AD_4nXcHYIleX-MLcXKKQOjg2aSOYXpE8-sI6kZ_HVPTI-3q0wH10jdQlwsYcL-8Ff-exRMuHo324XcUJCj3jHqaJK6NI18OFZTfkMUkPdwJxbOmNFmBDwY-MusgVHw9-iVQnRB1MXcPKczCoo-1slkK3A?key=GUO1jfhVnjgI8ZWyZ9byFQ\" style=\"width: 900px\"><\/p>\n\n\n<h6><b>Catedral Metropolitana (Foto: @gynsualinda<\/b><span style=\"font-weight: 400\">)<\/span><\/h6>\n<ul>\n<li><span style=\"font-weight: 400\">Ciclovia da da avenida Universit\u00e1ria<\/span><\/li>\n<\/ul>\n<p style=\"text-align: justify\"><b>Conhecida como Pra\u00e7a Universit\u00e1ria a Pra\u00e7a Honestino Monteiro Guimar\u00e3es <\/b><span style=\"font-weight: 400\">(importante l\u00edder estudantil), foi projetada na d\u00e9cada de 1930 por At\u00edlio Correia Lima e constru\u00edda em 1969. Ela abriga um dos maiores museus de esculturas a c\u00e9u aberto da Am\u00e9rica Latina, idealizado por Maria C\u00e9lia C\u00e2mara com o apoio da Associa\u00e7\u00e3o dos Escultores de Goi\u00e1s (AEGO). Inaugurado em 2000, o museu possui 26 esculturas e dois paineis espalhados ao longo da pra\u00e7a. Al\u00e9m de ser um ponto de encontro para estudantes, a Pra\u00e7a Universit\u00e1ria \u00e9 palco de diversas manifesta\u00e7\u00f5es culturais e pol\u00edticas.<\/span><\/p>\n\n\n<p><img decoding=\"async\" src=\"https:\/\/lh7-rt.googleusercontent.com\/docsz\/AD_4nXcpuYIpGOLSe5ZTlasXvV4S-RIU283EAOy4nWBGt0IcG3EMIe76vpTCu-Av_b2o9omYU-xNMkrQfyylOpNcGivP4_WzwntzFtSHciE9AaahbE3OwiImlDCuJ3ikoDEXj0BNxo8_EOgLfYW__W3IsWg?key=GUO1jfhVnjgI8ZWyZ9byFQ\" style=\"width: 900px\"><\/p>\n\n\n<h6><b>Pra\u00e7a Universit\u00e1ria <\/b><b>(Foto:Leandro Moura)<\/b><\/h6>\n\n\n<p><strong><img decoding=\"async\" src=\"https:\/\/lh7-rt.googleusercontent.com\/docsz\/AD_4nXfVpsu7Bc3KYidqiBbjO2hzBs8LFggG6XuRFstqNgAFNaW_0SqMRkBpDJCYKDit8C6xfAru_pvi1QPxqSpFJ1tLeQgxcLmGau1BvbmBuenNTld7J8YmLwV4I8Wjjc0-dPLtqx6ftgI_o4YqNjmN-w?key=GUO1jfhVnjgI8ZWyZ9byFQ\" style=\"width: 900px\"><\/strong><\/p>\n\n\n<h6><b>Pra\u00e7a Universit\u00e1ria <\/b><b>(Foto: @wsmartins)<\/b><\/h6>\n\n\n<p><img decoding=\"async\" src=\"https:\/\/lh7-rt.googleusercontent.com\/docsz\/AD_4nXdxBbBZ3dbiDh_GdZ_fWph1j70AUXhxHaVFOH8UPaM4QmTJhD36LF4yj_rnNcA-eyqLRpwO1t4MaPA9fZzSTdZkwy_AQMlvpHxW1cx2hmHFg9NoKsFSD_EXtvgYuglONfOxuNoa8BC1JRNzFhBmLg?key=GUO1jfhVnjgI8ZWyZ9byFQ\" style=\"width: 900px\"><\/p>\n\n\n<h6><b>Pra\u00e7a Universit\u00e1ria &#8211; Museu a c\u00e9u aberto (Foto: Jackson Rodrigues) <\/b><\/h6>\n<ul>\n<li style=\"font-weight: 400\"><span style=\"font-weight: 400\">Ciclovia da avenida Universit\u00e1ria<\/span><\/li>\n<li style=\"font-weight: 400\"><span style=\"font-weight: 400\">Ciclovia da rua 10<\/span><\/li>\n<li style=\"font-weight: 400\"><span style=\"font-weight: 400\">Ciclovia da rua Dona Gercina Borges Teixeira<\/span><\/li>\n<li style=\"font-weight: 400\"><span style=\"font-weight: 400\">Ciclovia da avenida Assis Chateaubriand<\/span><\/li>\n<li style=\"font-weight: 400\"><span style=\"font-weight: 400\">Pra\u00e7a Benedita da Silva Lobo<\/span><\/li>\n<li style=\"font-weight: 400\"><span style=\"font-weight: 400\">Ciclovia da avenida T 6<\/span><\/li>\n<\/ul>\n<p style=\"text-align: justify\"><b>Pra\u00e7a do Amor &#8211; <\/b><span style=\"font-weight: 400\">A Pra\u00e7a Gumercindo In\u00e1cio Ferreira, conhecida como Pra\u00e7a do Amor, est\u00e1 localizada na T-17 no Setor Bueno e \u00e9 palco de encontros, de feiras e de muita divers\u00e3o. Possui pista de skate, espa\u00e7o pet, teatro de arena, parquinho e academia ao ar livre e al\u00e9m de tudo isso, tem um lindo cora\u00e7\u00e3o.<\/span><\/p>\n\n\n<p><strong><img decoding=\"async\" src=\"https:\/\/lh7-rt.googleusercontent.com\/docsz\/AD_4nXdQqrgQB2L9EVcx6KW5DcCYUrKmH8_JRvyo3CHegL-8HRxqo7SS959O6_6rhZJ0XNCUkz1FHQ6ELZ_PjRsME8clAqkFqSNmjTOZOYcorMbfAS8KldGSsCLvXLaU3647se51Yb0t9-CGigf5Dw256w?key=GUO1jfhVnjgI8ZWyZ9byFQ\" style=\"width: 900px\"><\/strong><\/p>\n\n\n\n<h6 class=\"wp-block-heading\"><b>Pra\u00e7a do Amor (Foto: @gynsualinda<\/b><span style=\"font-weight: 400\">)<\/span><\/h6>\n\n\n\n<p><\/p>\n\n\n\n<p>Mapa (Google Maps)<\/p>\n\n\n\n<p><a href=\"https:\/\/www.google.com\/maps\/d\/edit?mid=1jz2-nAI-Sv6OKEYMtuPNo6LEhjvcwGY&amp;usp=sharing\">https:\/\/www.google.com\/maps\/d\/edit?mid=1jz2-nAI-Sv6OKEYMtuPNo6LEhjvcwGY&amp;usp=sharing<\/a><\/p>\n\n\n\n<p><span style=\"font-weight: 400\">Mapa (Strava)<\/span><\/p>\n\n\n\n<p><a href=\"https:\/\/www.strava.com\/routes\/3320377703572951618\">https:\/\/www.strava.com\/routes\/3320377703572951618<\/a><\/p>\n\n\n\n<p><img decoding=\"async\" src=\"https:\/\/lh7-rt.googleusercontent.com\/docsz\/AD_4nXeLVitkXcpAhH43oBAKqAbBjQfAIsSBGgoWHDu3-NUFND86AlFHjZKBnidfF5kyavGBua9wajsReGER9ie-iKma-JcskpTH7zmgswz560UzIOPkESPw-mKSzshyO5u89mtQw7XDpF3BTBR1pgcTLOo?key=GUO1jfhVnjgI8ZWyZ9byFQ\" style=\"width: 900px\"><\/p>\n\n\n\n<p><\/p>\n\n\n\n<p><\/p>\n\n\n\n<p><\/p>\n","protected":false},"excerpt":{"rendered":"<p>Modalidade: Ciclista Percurso:\u00a0 10,5 km Eleva\u00e7\u00e3o:\u00a0 109,9 m Pontos tur\u00edsticos e trajeto do roteiro: Parque Lago das Rosas &#8211;\u00a0Localizado no setor Oeste o Lago das Rosas \u00e9 o parque mais antigo da cidade, constru\u00eddo na d\u00e9cada de 1940. Inicialmente abrigava um grande canteiro de rosas, de onde veio a inspira\u00e7\u00e3o para o nome. O lugar [&hellip;]<\/p>\n","protected":false},"author":115,"featured_media":0,"parent":1371,"menu_order":3,"comment_status":"closed","ping_status":"closed","template":"","meta":{"_acf_changed":false,"custom_icon_class":"","footnotes":""},"class_list":["post-1441","page","type-page","status-publish","hentry"],"acf":[],"_links":{"self":[{"href":"https:\/\/www.goiania.go.gov.br\/goianiatur\/wp-json\/wp\/v2\/pages\/1441","targetHints":{"allow":["GET"]}}],"collection":[{"href":"https:\/\/www.goiania.go.gov.br\/goianiatur\/wp-json\/wp\/v2\/pages"}],"about":[{"href":"https:\/\/www.goiania.go.gov.br\/goianiatur\/wp-json\/wp\/v2\/types\/page"}],"author":[{"embeddable":true,"href":"https:\/\/www.goiania.go.gov.br\/goianiatur\/wp-json\/wp\/v2\/users\/115"}],"replies":[{"embeddable":true,"href":"https:\/\/www.goiania.go.gov.br\/goianiatur\/wp-json\/wp\/v2\/comments?post=1441"}],"version-history":[{"count":10,"href":"https:\/\/www.goiania.go.gov.br\/goianiatur\/wp-json\/wp\/v2\/pages\/1441\/revisions"}],"predecessor-version":[{"id":1721,"href":"https:\/\/www.goiania.go.gov.br\/goianiatur\/wp-json\/wp\/v2\/pages\/1441\/revisions\/1721"}],"up":[{"embeddable":true,"href":"https:\/\/www.goiania.go.gov.br\/goianiatur\/wp-json\/wp\/v2\/pages\/1371"}],"wp:attachment":[{"href":"https:\/\/www.goiania.go.gov.br\/goianiatur\/wp-json\/wp\/v2\/media?parent=1441"}],"curies":[{"name":"wp","href":"https:\/\/api.w.org\/{rel}","templated":true}]}}