{"id":38,"date":"2024-08-26T14:22:20","date_gmt":"2024-08-26T17:22:20","guid":{"rendered":"https:\/\/www.goiania.go.gov.br\/conselhodeeducacao\/?page_id=38"},"modified":"2025-08-18T16:38:18","modified_gmt":"2025-08-18T19:38:18","slug":"orientacoes-as-instituicoes-e-familias","status":"publish","type":"page","link":"https:\/\/www.goiania.go.gov.br\/conselhodeeducacao\/orientacoes-as-instituicoes-e-familias\/","title":{"rendered":"Orienta\u00e7\u00f5es \u00e0s institui\u00e7\u00f5es e fam\u00edlias"},"content":{"rendered":"\n<h3 class=\"wp-block-heading\">I &#8211; Qual a fun\u00e7\u00e3o do Conselho Municipal de Educa\u00e7\u00e3o do munic\u00edpio de Goi\u00e2nia com rela\u00e7\u00e3o \u00e0s institui\u00e7\u00f5es de ensino?<\/h3>\n\n\n\n<p>Normatizar e acompanhar o atendimento da Educa\u00e7\u00e3o Infantil (0 a 6 anos) nas institui\u00e7\u00f5es privadas e nas institui\u00e7\u00f5es p\u00fablicas; e normatizar e acompanhar o atendimento do Ensino Fundamental e Educa\u00e7\u00e3o de Jovens e Adultos (EJA) nas institui\u00e7\u00f5es p\u00fablicas; com base nas prerrogativas legais, a Divis\u00e3o de Inspe\u00e7\u00e3o Escolar do CME realiza a fiscaliza\u00e7\u00e3o e orienta\u00e7\u00e3o \u00e0s institui\u00e7\u00f5es que comp\u00f5em o Sistema Municipal de Ensino de Goi\u00e2nia.<\/p>\n\n\n\n<h3 class=\"wp-block-heading\">II &#8211; Qual documento que normatiza as institui\u00e7\u00f5es de Educa\u00e7\u00e3o Infantil no munic\u00edpio de Goi\u00e2nia?<\/h3>\n\n\n\n<p><a href=\"https:\/\/www.goiania.go.gov.br\/conselhodeeducacao\/wp-content\/uploads\/sites\/47\/2025\/04\/RESOLUCAO-CME-N.o-110-DE-01-DE-ABRIL-DE-2025.-compressed-2.pdf\" data-type=\"attachment\" data-id=\"193\">Resolu\u00e7\u00e3o CME n.\u00ba 110<\/a>, de 01 de abril de 2025.<\/p>\n\n\n\n<p><a href=\"https:\/\/www.goiania.go.gov.br\/conselhodeeducacao\/wp-content\/uploads\/sites\/47\/2025\/07\/Resolucao-CME-n.o-171-de-17-de-juho-de-2025.pdf\" data-type=\"attachment\" data-id=\"204\">Resolu\u00e7\u00e3o CME n.\u00ba 171<\/a>, de 17 de junho de 2025 (altera o artigo 51 da Resolu\u00e7\u00e3o n.\u00ba 110\/2025).<\/p>\n\n\n\n<h3 class=\"wp-block-heading\">III &#8211; Qual o documento que normatiza as institui\u00e7\u00f5es de Ensino Fundamental e EJA publico no munic\u00edpio de Goi\u00e2nia?<\/h3>\n\n\n\n<p><a href=\"https:\/\/www.goiania.go.gov.br\/conselhodeeducacao\/wp-content\/uploads\/sites\/47\/2024\/08\/RESOLUCAO-CME-N%C2%B0-116.pdf\">Resolu\u00e7\u00e3o CME n.\u00ba 116<\/a>, de 16 de setembro de 2013<\/p>\n\n\n\n<h3 class=\"wp-block-heading\">IV &#8211; Quais os procedimentos para se constituir uma institui\u00e7\u00e3o de Educa\u00e7\u00e3o Infantil?<\/h3>\n\n\n\n<p>1\u00ba &#8211; Conhecer a <a href=\"https:\/\/www.goiania.go.gov.br\/conselhodeeducacao\/wp-content\/uploads\/sites\/47\/2025\/04\/RESOLUCAO-CME-N.o-110-DE-01-DE-ABRIL-DE-2025.-compressed-2.pdf\" data-type=\"attachment\" data-id=\"193\" target=\"_blank\" rel=\"noreferrer noopener\">Resolu\u00e7\u00e3o CME n.\u00ba 110\/2025<\/a>, que normatiza a Educa\u00e7\u00e3o Infantil;<br>2\u00ba &#8211; Contactar o CME por e-mail (cmegyn@gmail.com) ou presencialmente (Rua 227-A, n.\u00ba 331, Setor Leste Universit\u00e1rio) para receber maiores orienta\u00e7\u00f5es. <\/p>\n\n\n\n<p>O processo de Autoriza\u00e7\u00e3o de Funcionamento dever\u00e1 ser autuado junto ao Servi\u00e7o de Inspe\u00e7\u00e3o Escolar no prazo de at\u00e9 120 (cento e vinte) dias antes do in\u00edcio das atividades letivas, conforme documenta\u00e7\u00e3o prevista na <a href=\"https:\/\/www.goiania.go.gov.br\/conselhodeeducacao\/wp-content\/uploads\/sites\/47\/2024\/08\/RESOLUCAO-CME-No-120.pdf\"><\/a><a href=\"https:\/\/www.goiania.go.gov.br\/conselhodeeducacao\/wp-content\/uploads\/sites\/47\/2025\/04\/RESOLUCAO-CME-N.o-110-DE-01-DE-ABRIL-DE-2025.-compressed-1.pdf\" data-type=\"attachment\" data-id=\"192\" target=\"_blank\" rel=\"noreferrer noopener\">Resolu\u00e7\u00e3o CME n.\u00ba 110\/2025<\/a>.<\/p>\n\n\n\n<h3 class=\"wp-block-heading\">V &#8211; Quais os documentos necess\u00e1rios para autuar processos de Autoriza\u00e7\u00e3o de Funcionamento no CME?<\/h3>\n\n\n\n<p>Para a Educa\u00e7\u00e3o Infantil, os documentos necess\u00e1rios para protocolizar processo de solicita\u00e7\u00e3o de Autoriza\u00e7\u00e3o de Funcionamento encontram-se na <a href=\"https:\/\/www.goiania.go.gov.br\/conselhodeeducacao\/wp-content\/uploads\/sites\/47\/2025\/04\/RESOLUCAO-CME-N.o-110-DE-01-DE-ABRIL-DE-2025.-compressed-1.pdf\" data-type=\"attachment\" data-id=\"192\" target=\"_blank\" rel=\"noreferrer noopener\">Resolu\u00e7\u00e3o CME n.\u00ba 110\/2025<\/a>, de 01 de abril de 2025, artigo 75 e seus incisos, para as institui\u00e7\u00f5es p\u00fablicas, e artigo 76 e seus incisos para as privadas (particulares, comunit\u00e1rias, confessionais e filantr\u00f3picas). Para as institui\u00e7\u00f5es p\u00fablicas municipais de Ensino Fundamental, os documentos necess\u00e1rios para protocolizar processo de solicita\u00e7\u00e3o de Autoriza\u00e7\u00e3o de Funcionamento encontram-se na <a href=\"https:\/\/www.goiania.go.gov.br\/conselhodeeducacao\/wp-content\/uploads\/sites\/47\/2024\/08\/RESOLUCAO-CME-N%C2%B0-116.pdf\">Resolu\u00e7\u00e3o CME n.\u00ba 116<\/a>, de 16 de setembro de 2013, artigo 49 e seus incisos.<\/p>\n\n\n\n<h3 class=\"wp-block-heading\">VI &#8211; As institui\u00e7\u00f5es de Educa\u00e7\u00e3o Infantil podem funcionar \u00e0 noite e fins de semana?<\/h3>\n\n\n\n<p>O regime de funcionamento das institui\u00e7\u00f5es de Educa\u00e7\u00e3o Infantil far-se-\u00e1 no per\u00edodo diurno, em jornada parcial (m\u00ednimo de 4 horas di\u00e1rias de atendimento), ou integral (m\u00ednimo de 7 horas di\u00e1rias de atendimento), conforme a <a href=\"https:\/\/www.goiania.go.gov.br\/conselhodeeducacao\/wp-content\/uploads\/sites\/47\/2025\/04\/RESOLUCAO-CME-N.o-110-DE-01-DE-ABRIL-DE-2025.-compressed-2.pdf\" data-type=\"attachment\" data-id=\"193\">Resolu\u00e7\u00e3o CME n.\u00ba 110\/2025<\/a>, de 01 de abril de 2025, em seu artigo 3\u00ba.<\/p>\n\n\n\n<h3 class=\"wp-block-heading\">VII &#8211; Como conseguir vagas nas institui\u00e7\u00f5es da Rede Municipal de Ensino da SME?<\/h3>\n\n\n\n<p>O interessado dever\u00e1 acessar o endere\u00e7o virtual <a href=\"https:\/\/sme.goiania.go.gov.br\/\" target=\"_blank\" rel=\"noreferrer noopener\">https:\/\/sme.goiania.go.gov.br\/<\/a>, clicar na op\u00e7\u00e3o e matr\u00edcula e selecionar o campo desejado. A lista de espera \u00e9 p\u00fablica e est\u00e1 dispon\u00edvel para ser acompanhada pelo site.<\/p>\n\n\n\n<h3 class=\"wp-block-heading\">VIII &#8211; Qual a carga hor\u00e1ria de efetivo funcionamento das institui\u00e7\u00f5es?<\/h3>\n\n\n\n<p>A carga hor\u00e1ria m\u00ednima anual para a Educa\u00e7\u00e3o Infantil e para o Ensino Fundamental \u00e9 de 800 (oitocentas) horas, dividida por um m\u00ednimo de 200 (duzentos) dias de trabalho educacional, conforme artigo 3\u00ba da <a href=\"https:\/\/www.goiania.go.gov.br\/conselhodeeducacao\/wp-content\/uploads\/sites\/47\/2025\/04\/RESOLUCAO-CME-N.o-110-DE-01-DE-ABRIL-DE-2025.-compressed-2.pdf\" data-type=\"attachment\" data-id=\"193\" target=\"_blank\" rel=\"noreferrer noopener\">Resolu\u00e7\u00e3o CME n.\u00ba 110\/2025<\/a>, de 01 de abril de 2025 e artigo 17 da <a href=\"https:\/\/www.goiania.go.gov.br\/conselhodeeducacao\/wp-content\/uploads\/sites\/47\/2024\/08\/RESOLUCAO-CME-N%C2%B0-116.pdf\">Resolu\u00e7\u00e3o CME n.\u00ba 116<\/a>, de 16 de setembro de 2013.<\/p>\n\n\n\n<h3 class=\"wp-block-heading\">IX &#8211; Qual a jornada di\u00e1ria de atendimento \u00e0s crian\u00e7as da Educa\u00e7\u00e3o Infantil e estudantes do Ensino Fundamental nas institui\u00e7\u00f5es?<\/h3>\n\n\n\n<p>A jornada di\u00e1ria de atendimento deve ser de, no m\u00ednimo, 4 (quatro) horas, para atendimento parcial, e de, no m\u00ednimo, 7 (sete) horas para atendimento integral em per\u00edodo diurno.<\/p>\n\n\n\n<h3 class=\"wp-block-heading\">X &#8211; O significa \u201cdata de corte et\u00e1rio\u201d?<\/h3>\n\n\n\n<p>\u00c9 a fixa\u00e7\u00e3o de uma data comum para matr\u00edcula das crian\u00e7as em institui\u00e7\u00f5es p\u00fablicas e privadas de acordo com cada etapa da Educa\u00e7\u00e3o B\u00e1sica. Trata-se de uma forma de organizar o sistema educacional no Brasil para matr\u00edcula inicial na Educa\u00e7\u00e3o Infantil aos 4 (quatro) anos de idade, e no Ensino Fundamental aos 6 (seis) anos de idade.<\/p>\n\n\n\n<h3 class=\"wp-block-heading\">XI &#8211; Qual \u00e9 a data do corte et\u00e1rio para a entrada das crian\u00e7as na Educa\u00e7\u00e3o Infantil e no Ensino Fundamental?<\/h3>\n\n\n\n<p>Conforme as Diretrizes Curriculares Nacionais, as <a href=\"https:\/\/www.goiania.go.gov.br\/conselhodeeducacao\/wp-content\/uploads\/sites\/47\/2024\/08\/RESOLUCAO-CME-N%C2%B0-116.pdf\">Resolu\u00e7\u00f5es CME n.\u00ba 116\/2013<\/a> e <a href=\"https:\/\/www.goiania.go.gov.br\/conselhodeeducacao\/wp-content\/uploads\/sites\/47\/2025\/04\/RESOLUCAO-CME-N.o-110-DE-01-DE-ABRIL-DE-2025.-compressed-2.pdf\" data-type=\"attachment\" data-id=\"193\">110\/2025<\/a>, bem como a <a href=\"http:\/\/portal.mec.gov.br\/index.php?%20option=com_docman&amp;view=download&amp;alias=98311-rceb002-18&amp;category_slug=outubro-2018-pdf1&amp;Itemid=30192\">Resolu\u00e7\u00e3o CNE\/CEB n.\u00ba 2, de 9 de outubro de 2018<\/a> a data de corte et\u00e1rio vigente em todo o territ\u00f3rio nacional, para todas as redes e institui\u00e7\u00f5es de ensino, p\u00fablicas e privadas, para matr\u00edcula inicial na Educa\u00e7\u00e3o Infantil aos 4 (quatro) anos de idade, e no Ensino Fundamental aos 6 (seis) anos de idade, \u00e9, respectivamente, aos 4 (quatro) e aos 6 (seis) anos completos ou a completar at\u00e9 31 de mar\u00e7o do ano em que se realiza a matr\u00edcula. Desta forma, as crian\u00e7as que completam 4 (quatro) anos de idade ap\u00f3s o dia 31 de mar\u00e7o, se forem frequentar a Educa\u00e7\u00e3o Infantil, ser\u00e3o matriculadas em creche (agrupamento de 3 anos); e as crian\u00e7as que completarem 6 (seis) anos ap\u00f3s essa data dever\u00e3o ser matriculadas na Educa\u00e7\u00e3o Infantil, na etapa da pr\u00e9-escola (agrupamento de 5 anos).<\/p>\n\n\n\n<h3 class=\"wp-block-heading\">XII &#8211; Como se d\u00e1 a matr\u00edcula de crian\u00e7as com defici\u00eancia, transtornos globais do desenvolvimento e altas habilidades\/superdota\u00e7\u00e3o?<\/h3>\n\n\n\n<p>Segundo as Resolu\u00e7\u00f5es do CME, as crian\u00e7as e estudantes devem ser matriculados nas turmas comuns do ensino regular e, havendo necessidade, no Atendimento Educacional Especializado (AEE), complementar ou suplementar \u00e0 escolariza\u00e7\u00e3o.<\/p>\n\n\n\n<h3 class=\"wp-block-heading\">XIII &#8211; As institui\u00e7\u00f5es de Educa\u00e7\u00e3o Infantil privadas e as institui\u00e7\u00f5es p\u00fablicas municipais s\u00e3o obrigadas a disponibilizar profissional de apoio\/cuidador \u00e0s crian\u00e7as com defici\u00eancia?<\/h3>\n\n\n\n<p>A legisla\u00e7\u00e3o nacional, bem como as normativas do Conselho Municipal de Educa\u00e7\u00e3o de Goi\u00e2nia, tratam do direito da pessoa com defici\u00eancia \u00e0 profissional de apoio escolar. Segundo o Estatuto da Pessoa com Defici\u00eancia, o Poder P\u00fablico e as institui\u00e7\u00f5es privadas devem assegurar a oferta de profissionais de apoio escolar, sendo vedada \u00e0s institui\u00e7\u00f5es privadas a cobran\u00e7a de valores adicionais de qualquer natureza em suas mensalidades, anuidades e matr\u00edculas. Vale destacar que, conforme artigo 57 da <a href=\"https:\/\/www.goiania.go.gov.br\/conselhodeeducacao\/wp-content\/uploads\/sites\/47\/2025\/04\/RESOLUCAO-CME-N.o-110-DE-01-DE-ABRIL-DE-2025.-compressed-2.pdf\" data-type=\"attachment\" data-id=\"193\">Resolu\u00e7\u00e3o CME n.\u00ba 110\/2025<\/a>, de 01 de abril de 2025, a disponibiliza\u00e7\u00e3o desse profissional est\u00e1 condicionada as peculiaridades de cada crian\u00e7a\/estudante e a necessidade de apoio exigida.<\/p>\n\n\n\n<h3 class=\"wp-block-heading\">XIV &#8211; \u00c9 obrigat\u00f3ria a apresenta\u00e7\u00e3o de Laudo m\u00e9dico para a matr\u00edcula de crian\u00e7as\/estudantes com defici\u00eancia, transtornos globais do desenvolvimento e altas habilidades\/superdota\u00e7\u00e3o?<\/h3>\n\n\n\n<p>A apresenta\u00e7\u00e3o de laudo m\u00e9dico n\u00e3o pode ser uma condi\u00e7\u00e3o para a matr\u00edcula de nenhuma crian\u00e7a\/estudante. O laudo m\u00e9dico \u00e9 importante documento para a orienta\u00e7\u00e3o dos profissionais da intui\u00e7\u00e3o que atuam com as crian\u00e7as\/estudantes, bem como \u00e9 fundamental para a elabora\u00e7\u00e3o de plano de atendimento, organiza\u00e7\u00e3o de recursos e servi\u00e7os de acessibilidade, adapta\u00e7\u00e3o do curr\u00edculo, ou seja, para a qualifica\u00e7\u00e3o e efetividade do trabalho que ser\u00e1 desenvolvido.<\/p>\n\n\n\n<h3 class=\"wp-block-heading\">XV &#8211; O que deve ser observado para a elabora\u00e7\u00e3o de Proposta Pol\u00edtico-Pedag\u00f3gica?<\/h3>\n\n\n\n<p>A Proposta Pol\u00edtico-Pedag\u00f3gica da institui\u00e7\u00e3o dever\u00e1 respeitar as normas gerais da educa\u00e7\u00e3o nacional e do Sistema Municipal de Educa\u00e7\u00e3o, quais sejam:<\/p>\n\n\n\n<ul class=\"wp-block-list\">\n<li>Constitui\u00e7\u00e3o da Rep\u00fablica Federativa do Brasil. Bras\u00edlia: Senado Federal, 1988;<\/li>\n\n\n\n<li>Lei n.\u00ba 9.394, de 20 de dezembro de 1996. Estabelece as Diretrizes e Bases da Educa\u00e7\u00e3o Nacional;<\/li>\n\n\n\n<li>Lei n.\u00ba 8.069, de 13 de julho de 1990. Disp\u00f5e sobre o Estatuto da Crian\u00e7a e do Adolescente e d\u00e1 outras provid\u00eancias;<\/li>\n\n\n\n<li>Lei n.\u00ba 13.146, de 6 de julho de 2015. Institui a Lei Brasileira de Inclus\u00e3o da Pessoa 24 com Defici\u00eancia;<\/li>\n\n\n\n<li>Lei n.\u00ba 9.795, de 27 de abril de 1999. Disp\u00f5e sobre a educa\u00e7\u00e3o ambiental, institui a Pol\u00edtica Nacional de Educa\u00e7\u00e3o Ambiental e d\u00e1 outras provid\u00eancias;<\/li>\n\n\n\n<li>Resolu\u00e7\u00e3o CNE\/CP n.\u00ba 2, de 22 de dezembro de 2017-Institui e orienta a implanta\u00e7\u00e3o da Base Nacional Comum Curricular, a ser respeitada obrigatoriamente ao longo das etapas e respectivas modalidades no \u00e2mbito da Educa\u00e7\u00e3o B\u00e1sica;<\/li>\n\n\n\n<li>Par\u00e2metros Nacionais de Qualidade na Educa\u00e7\u00e3o Infantil. Bras\u00edlia, 2018;<\/li>\n\n\n\n<li>Resolu\u00e7\u00e3o CNE\/CEB n.\u00ba 1, de 5 de julho de 2000. Estabelece as Diretrizes Curriculares Nacionais para a Educa\u00e7\u00e3o e Jovens e Adultos;<\/li>\n\n\n\n<li>Resolu\u00e7\u00e3o CNE\/CEB n.\u00ba 1, de 17 de junho de 2004. Institui Diretrizes Nacionais para a Educa\u00e7\u00e3o das Rela\u00e7\u00f5es \u00c9tnico-Raciais e para o Ensino de Hist\u00f3ria e Cultura Afro Brasileira e africana;<\/li>\n\n\n\n<li>Resolu\u00e7\u00e3o CNE\/CEB n.\u00ba 2, de 11 de setembro de 2001. Institui Diretrizes Nacionais para a Educa\u00e7\u00e3o Especial na Educa\u00e7\u00e3o B\u00e1sica;<\/li>\n\n\n\n<li>Resolu\u00e7\u00e3o CNE\/CEB n.\u00ba 5, de 17 de dezembro de 2009. Fixa as Diretrizes Curriculares Nacionais para a Educa\u00e7\u00e3o Infantil;<\/li>\n\n\n\n<li>Resolu\u00e7\u00e3o CNE\/CEB n.\u00ba 7, de 14 de dezembro de 2010. Fixa Diretrizes Curriculares Nacionais para o Ensino Fundamental de 9 (nove) anos;<\/li>\n\n\n\n<li>Resolu\u00e7\u00e3o do Conselho Municipal de Educa\u00e7\u00e3o n.\u00ba 116, de 16 de setembro de 2013. Estabelece normas para a Autoriza\u00e7\u00e3o de Funcionamento das institui\u00e7\u00f5es p\u00fablicas municipais que oferecem o ensino fundamental, no \u00e2mbito do Sistema Municipal de Ensino de Goi\u00e2nia; (arquivo enviado em anexo 4579705);<\/li>\n\n\n\n<li>Resolu\u00e7\u00e3o do Conselho Municipal de Educa\u00e7\u00e3o n.\u00ba 120, de 7 de dezembro de 2016. Estabelece Princ\u00edpios e Normas para a Organiza\u00e7\u00e3o e a Autoriza\u00e7\u00e3o de Funcionamento das institui\u00e7\u00f5es de Educa\u00e7\u00e3o Infantil, no \u00e2mbito do Sistema Municipal de Educa\u00e7\u00e3o de Goi\u00e2nia; (arquivo enviado em anexo 4579706)<\/li>\n\n\n\n<li>Documento Curricular para GOI\u00c1S &#8211; Ampliado.<\/li>\n<\/ul>\n\n\n\n<h3 class=\"wp-block-heading\">XVI &#8211; Como protocolar uma den\u00fancia ou consulta no CME?<\/h3>\n\n\n\n<p>Den\u00fancias e consultas poder\u00e3o ser formalizadas via <a href=\"https:\/\/abre.ai\/cme-comunicacao\" target=\"_blank\" rel=\"noreferrer noopener\">https:\/\/abre.ai\/cme-comunicacao<\/a> ou e-mail para cmegyn@gmail.com.<\/p>\n","protected":false},"excerpt":{"rendered":"<p>I &#8211; Qual a fun\u00e7\u00e3o do Conselho Municipal de Educa\u00e7\u00e3o do munic\u00edpio de Goi\u00e2nia com rela\u00e7\u00e3o \u00e0s institui\u00e7\u00f5es de ensino? Normatizar e acompanhar o atendimento da Educa\u00e7\u00e3o Infantil (0 a 6 anos) nas institui\u00e7\u00f5es privadas e nas institui\u00e7\u00f5es p\u00fablicas; e normatizar e acompanhar o atendimento do Ensino Fundamental e Educa\u00e7\u00e3o de Jovens e Adultos (EJA) [&hellip;]<\/p>\n","protected":false},"author":1,"featured_media":0,"parent":0,"menu_order":0,"comment_status":"closed","ping_status":"closed","template":"","meta":{"_acf_changed":false,"custom_icon_class":"","footnotes":""},"class_list":["post-38","page","type-page","status-publish","hentry"],"acf":[],"_links":{"self":[{"href":"https:\/\/www.goiania.go.gov.br\/conselhodeeducacao\/wp-json\/wp\/v2\/pages\/38","targetHints":{"allow":["GET"]}}],"collection":[{"href":"https:\/\/www.goiania.go.gov.br\/conselhodeeducacao\/wp-json\/wp\/v2\/pages"}],"about":[{"href":"https:\/\/www.goiania.go.gov.br\/conselhodeeducacao\/wp-json\/wp\/v2\/types\/page"}],"author":[{"embeddable":true,"href":"https:\/\/www.goiania.go.gov.br\/conselhodeeducacao\/wp-json\/wp\/v2\/users\/1"}],"replies":[{"embeddable":true,"href":"https:\/\/www.goiania.go.gov.br\/conselhodeeducacao\/wp-json\/wp\/v2\/comments?post=38"}],"version-history":[{"count":10,"href":"https:\/\/www.goiania.go.gov.br\/conselhodeeducacao\/wp-json\/wp\/v2\/pages\/38\/revisions"}],"predecessor-version":[{"id":213,"href":"https:\/\/www.goiania.go.gov.br\/conselhodeeducacao\/wp-json\/wp\/v2\/pages\/38\/revisions\/213"}],"wp:attachment":[{"href":"https:\/\/www.goiania.go.gov.br\/conselhodeeducacao\/wp-json\/wp\/v2\/media?parent=38"}],"curies":[{"name":"wp","href":"https:\/\/api.w.org\/{rel}","templated":true}]}}