{"id":264,"date":"2021-12-15T08:54:02","date_gmt":"2021-12-15T11:54:02","guid":{"rendered":"https:\/\/www.goiania.go.gov.br\/amma\/?page_id=264"},"modified":"2023-06-07T09:45:13","modified_gmt":"2023-06-07T12:45:13","slug":"selo-de-sustentabilidade-de-goiania","status":"publish","type":"page","link":"https:\/\/www.goiania.go.gov.br\/amma\/selo-de-sustentabilidade-de-goiania\/","title":{"rendered":"Selo de Sustentabilidade de Goi\u00e2nia"},"content":{"rendered":"\n<h3 class=\"wp-block-heading\">O que \u00e9 o programa?<\/h3>\n\n\n\n<p>O Programa de Certifica\u00e7\u00e3o em Sustentabilidade Ambiental tem o objetivo de estimular a pr\u00e1tica de processos socioambientalmente sustent\u00e1veis com a implanta\u00e7\u00e3o de projetos de conserva\u00e7\u00e3o, recupera\u00e7\u00e3o e promo\u00e7\u00e3o da qualidade do ambiente no Munic\u00edpio de Goi\u00e2nia.<\/p>\n\n\n\n<p>A certifica\u00e7\u00e3o a que se refere o caput ser\u00e1 facultada a todos os empreendimentos pass\u00edveis ou n\u00e3o de licenciamento ambiental, regularizados junto ao munic\u00edpio. A ades\u00e3o ao Programa ser\u00e1 realizada de forma volunt\u00e1ria e consensual e sua implementa\u00e7\u00e3o ser\u00e1 de responsabilidade do \u00d3rg\u00e3o Ambiental Municipal.<\/p>\n\n\n\n<p>Os projetos ser\u00e3o divididos em 7 \u00e1reas tem\u00e1ticas: \u00c1gua, Emiss\u00e3o de Gases do Efeito Estufa, Res\u00edduos S\u00f3lidos, Educa\u00e7\u00e3o Ambiental, Energia Limpa, Biodiversidade e Socioambiental e dever\u00e3o ser definidos por meio de Instru\u00e7\u00e3o Normativa do \u00d3rg\u00e3o Ambiental Municipal.<\/p>\n\n\n\n<h3 class=\"wp-block-heading\">Como obter a certifica\u00e7\u00e3o?<\/h3>\n\n\n\n<p>Para Certifica\u00e7\u00e3o em Sustentabilidade Ambiental, ser\u00e1 necess\u00e1rio que o proponente atinja de 10 (dez) \u00e0 40 (quarenta) pontos conforme crit\u00e9rios estabelecidos por<a href=\"https:\/\/www.goiania.go.gov.br\/amma\/wp-content\/uploads\/sites\/22\/2023\/04\/IN-N-062.2019-Certificac\u0327a\u0303o-em-Sustentabilidade-Ambiental.pdf\"> Instru\u00e7\u00e3o Normativa pelo \u00d3rg\u00e3o Ambiental Municipal<\/a>.<\/p>\n\n\n\n<ul class=\"wp-block-list\"><li>I \u2013 Selo de Boas Pr\u00e1ticas, <em>10 pontos<\/em>;<\/li><li>II \u2013 Selo Bronze, <em>20 pontos<\/em>;<\/li><li>III \u2013 Selo Prata, <em>30 pontos<\/em>;<\/li><li>IV \u2013 Selo Ouro, <em>40 pontos<\/em>.<\/li><\/ul>\n\n\n\n<div class=\"wp-block-columns is-layout-flex wp-container-core-columns-is-layout-9d6595d7 wp-block-columns-is-layout-flex\">\n<div class=\"wp-block-column is-layout-flow wp-block-column-is-layout-flow\" style=\"flex-basis:20%\"><\/div>\n\n\n\n<div class=\"wp-block-column is-layout-flow wp-block-column-is-layout-flow\" style=\"flex-basis:60%\">\n<figure class=\"wp-block-gallery has-nested-images columns-4 is-cropped wp-block-gallery-1 is-layout-flex wp-block-gallery-is-layout-flex\">\n<figure class=\"wp-block-image size-large\"><img loading=\"lazy\" decoding=\"async\" width=\"379\" height=\"476\" data-id=\"280\" src=\"https:\/\/www.goiania.go.gov.br\/amma\/wp-content\/uploads\/sites\/22\/2021\/12\/Selo-Verde.png\" alt=\"\" class=\"wp-image-280\" srcset=\"https:\/\/www.goiania.go.gov.br\/amma\/wp-content\/uploads\/sites\/22\/2021\/12\/Selo-Verde.png 379w, https:\/\/www.goiania.go.gov.br\/amma\/wp-content\/uploads\/sites\/22\/2021\/12\/Selo-Verde-239x300.png 239w\" sizes=\"auto, (max-width: 379px) 100vw, 379px\" \/><\/figure>\n\n\n\n<figure class=\"wp-block-image size-large\"><img loading=\"lazy\" decoding=\"async\" width=\"379\" height=\"475\" data-id=\"281\" src=\"https:\/\/www.goiania.go.gov.br\/amma\/wp-content\/uploads\/sites\/22\/2021\/12\/Selo-Bronze.png\" alt=\"\" class=\"wp-image-281\" srcset=\"https:\/\/www.goiania.go.gov.br\/amma\/wp-content\/uploads\/sites\/22\/2021\/12\/Selo-Bronze.png 379w, https:\/\/www.goiania.go.gov.br\/amma\/wp-content\/uploads\/sites\/22\/2021\/12\/Selo-Bronze-239x300.png 239w\" sizes=\"auto, (max-width: 379px) 100vw, 379px\" \/><\/figure>\n\n\n\n<figure class=\"wp-block-image size-large\"><img loading=\"lazy\" decoding=\"async\" width=\"379\" height=\"475\" data-id=\"279\" src=\"https:\/\/www.goiania.go.gov.br\/amma\/wp-content\/uploads\/sites\/22\/2021\/12\/Selo-Prata.png\" alt=\"\" class=\"wp-image-279\" srcset=\"https:\/\/www.goiania.go.gov.br\/amma\/wp-content\/uploads\/sites\/22\/2021\/12\/Selo-Prata.png 379w, https:\/\/www.goiania.go.gov.br\/amma\/wp-content\/uploads\/sites\/22\/2021\/12\/Selo-Prata-239x300.png 239w\" sizes=\"auto, (max-width: 379px) 100vw, 379px\" \/><\/figure>\n\n\n\n<figure class=\"wp-block-image size-large\"><img loading=\"lazy\" decoding=\"async\" width=\"379\" height=\"475\" data-id=\"278\" src=\"https:\/\/www.goiania.go.gov.br\/amma\/wp-content\/uploads\/sites\/22\/2021\/12\/Selo-Ouro.png\" alt=\"\" class=\"wp-image-278\" srcset=\"https:\/\/www.goiania.go.gov.br\/amma\/wp-content\/uploads\/sites\/22\/2021\/12\/Selo-Ouro.png 379w, https:\/\/www.goiania.go.gov.br\/amma\/wp-content\/uploads\/sites\/22\/2021\/12\/Selo-Ouro-239x300.png 239w\" sizes=\"auto, (max-width: 379px) 100vw, 379px\" \/><\/figure>\n<\/figure>\n<\/div>\n\n\n\n<div class=\"wp-block-column is-layout-flow wp-block-column-is-layout-flow\" style=\"flex-basis:20%\"><\/div>\n<\/div>\n\n\n\n<p>Com a publica\u00e7\u00e3o do <a href=\"http:\/\/www.goiania.go.gov.br\/html\/gabinete_civil\/sileg\/dados\/legis\/2018\/dc_20180118_000000105.html\">Decreto 105 de janeiro de 2018<\/a>, a Ag\u00eancia Municipal de Meio Ambiente est\u00e1 finalizando a Instru\u00e7\u00e3o Normativa com as defini\u00e7\u00f5es dos Projetos pass\u00edveis de certifica\u00e7\u00e3o e demais informa\u00e7\u00f5es.<\/p>\n\n\n\n<p>A tabela abaixo cont\u00e9m \u00e9 uma pr\u00e9via dos Projetos pass\u00edveis de certifica\u00e7\u00e3o:<\/p>\n\n\n\n<h4 class=\"has-text-align-center wp-block-heading\">QUADRO DE PONTUA\u00c7\u00d5ES:<\/h4>\n\n\n\n<figure class=\"wp-block-table is-style-stripes\"><table><tbody><tr><td><strong>TEMAS<\/strong><\/td><td><strong>PROJETOS<\/strong><\/td><td><strong>DEFINI\u00c7\u00d5ES<\/strong><\/td><td><strong>PONTOS<\/strong><\/td><\/tr><tr><td>\u00c1gua<\/td><td>Cal\u00e7ada Perme\u00e1vel<\/td><td>Constru\u00e7\u00e3o de cal\u00e7adas que dever\u00e3o conter Sistemas de Biorreten\u00e7\u00e3o e que atenda as diretrizes estabelecidas pela Lei Complementar N 177\/2008 e o Decreto N 3.057\/2015.<\/td><td>10<\/td><\/tr><tr><td>\u00c1gua<\/td><td>Reaproveitamento de \u00e1gua da chuva<\/td><td>Instala\u00e7\u00e3o de Sistemas de reaproveitamento de \u00e1gua da chuva para fins n\u00e3o pot\u00e1veis conforme NBR 15527\/2007<\/td><td>10<\/td><\/tr><tr><td>\u00c1gua<\/td><td>Recupera\u00e7\u00e3o de manaciais em \u00e1reas p\u00fablicas<\/td><td>Projetos que visem a recupera\u00e7\u00e3o de nascentes e cursos de \u00e1gua em \u00e1reas p\u00fablicas.<\/td><td>15<\/td><\/tr><tr><td>Biodiversidade<\/td><td>Pagamento de Servi\u00e7os Ambientais<\/td><td>Compensa\u00e7\u00e3o 100% dos impactos gerados pela atividade exercida atrav\u00e9s da aquisi\u00e7\u00e3o de cr\u00e9ditos de redistribui\u00e7\u00e3o socioambiental.<\/td><td>10<\/td><\/tr><tr><td>Biodiversidade<\/td><td>Plano de Manejo dos Parques Urbanos de Goi\u00e2nia<\/td><td>Elabora\u00e7\u00e3o de Plano de manejo dos Parques Municipais<\/td><td>10<\/td><\/tr><tr><td>Biodiversidade<\/td><td>Invent\u00e1rio Faun\u00edstico de Goi\u00e2nia<\/td><td>Elabora\u00e7\u00e3o e Divulga\u00e7\u00e3o do invent\u00e1rio da Fauna Silvestre do Munic\u00edpio conforme diretrizes do \u00f3rg\u00e3o ambiental<\/td><td>15<\/td><\/tr><tr><td>Biodiversidade<\/td><td>Plano de Recupera\u00e7\u00e3o de \u00c1rea Degradada &#8211; Prad Volunt\u00e1rio<\/td><td>Recupera\u00e7\u00e3o de \u00e1reas degradadas (\u00e1reas p\u00fablicas) do munic\u00edpio<\/td><td>15 por 300m\u00b2 recuperados<\/td><\/tr><tr><td>Biodiversidade<\/td><td>Reflorestamento<\/td><td>Elabora\u00e7\u00e3o e execu\u00e7\u00e3o de projetos de reflorestamento em \u00e1reas p\u00fablicas identificadas como priorit\u00e1rias para conserva\u00e7\u00e3o no munic\u00edpio, pelo \u00f3rg\u00e3o competente.<\/td><td>15 por 300m\u00b2 reflorestados<\/td><\/tr><tr><td>Biodiversidade<\/td><td>Projetos para Arboriza\u00e7\u00e3o Urbana<\/td><td>Elabora\u00e7\u00e3o e execu\u00e7\u00e3o de projetos para a arboriza\u00e7\u00e3o urbana conforme o Plano Diretor de Arboriza\u00e7\u00e3o Urbana de Goi\u00e2nia.<\/td><td>10<\/td><\/tr><tr><td>Biodiversidade<\/td><td>Invent\u00e1rio Flor\u00edstico do Munic\u00edpio de Goi\u00e2nia<\/td><td>Elabora\u00e7\u00e3o e Divulga\u00e7\u00e3o do invent\u00e1rio Flor\u00edstico do Munic\u00edpio conforme diretrizes do \u00f3rg\u00e3o ambiental<\/td><td>10<\/td><\/tr><tr><td>Educa\u00e7\u00e3o<\/td><td>Educa\u00e7\u00e3o Ambiental<\/td><td>Elabora\u00e7\u00e3o e implanta\u00e7\u00e3o de um plano de educa\u00e7\u00e3o ambiental para o empreendimento solicitante e\/ou a comunidade de Goi\u00e2nia.<\/td><td>10<\/td><\/tr><tr><td>Energia<\/td><td>Energia Biomassa<\/td><td>Implanta\u00e7\u00e3o de sistema de gera\u00e7\u00e3o&nbsp; de energia a partir de qualquer mat\u00e9ria org\u00e2nica, no emprrendimento, em institui\u00e7\u00f5es p\u00fablicas e\/ou em resid\u00eancias, pr\u00f3prias ou de terceiros.<\/td><td>15<\/td><\/tr><tr><td>Energia<\/td><td>Energia E\u00f3lica<\/td><td>Implanta\u00e7\u00e3o de sistema de gera\u00e7\u00e3o de energia a partir da utiliza\u00e7\u00e3o do vento, no emprrendimento, em institui\u00e7\u00f5es p\u00fablicas e\/ou em resid\u00eancias, pr\u00f3prias ou de terceiros.<\/td><td>10<\/td><\/tr><tr><td>Energia<\/td><td>Energia Solar<\/td><td>Implanta\u00e7\u00e3o de sistema de gera\u00e7\u00e3o de energia a partir da utiliza\u00e7\u00e3o da luz solar, no emprrendimento, em institui\u00e7\u00f5es p\u00fablicas e\/ou em resid\u00eancias, pr\u00f3prias ou de terceiros.<\/td><td>10<\/td><\/tr><tr><td>Gases<\/td><td>Invent\u00e1rio de Emiss\u00f5es de Gases do Efeito Estufa<\/td><td>Elabora\u00e7\u00e3o e divulga\u00e7\u00e3o do invent\u00e1rio de GEE conforme programa Brasileiro de GHG Protocol.<\/td><td>10<\/td><\/tr><tr><td>Gases<\/td><td>Redu\u00e7\u00e3o de Emiss\u00e3o de Gases do Efeito Estufa<\/td><td>A redu\u00e7\u00e3o dever\u00e1 ser de no m\u00ednimo 50% das emiss\u00f5es diretas (escopo 1) conforme Programa Brasileiro GHG Protocol.<\/td><td>10<\/td><\/tr><tr><td>Res\u00edduo<\/td><td>Ado\u00e7\u00e3o de Lixeiras<\/td><td>Ado\u00e7\u00e3o de lixeiras dever\u00e1 ser de no m\u00ednimo 3 unidades em confirmidade Lei N 9.857\/2016 e demais <a href=\"https:\/\/www.goiania.go.gov.br\/amma\/wp-content\/uploads\/sites\/22\/2023\/05\/Projeto_Arquitetonico_Lixeiras.pdf\">regulamenta\u00e7\u00f5es<\/a>.<\/td><td>5<\/td><\/tr><tr><td>Res\u00edduo<\/td><td>Coleta Seletiva<\/td><td>Implanta\u00e7\u00e3o de coleta seletiva de 100% dos res\u00eddos gerados.<\/td><td>5<\/td><\/tr><tr><td>Res\u00edduo<\/td><td>Compostagem<\/td><td>Destina\u00e7\u00e3o de 100% dos res\u00edduos org\u00e2nicos para locais devidamente licenciados para a atividade de compostagem.<\/td><td>5<\/td><\/tr><tr><td>Res\u00edduo<\/td><td>Log\u00edstica Reversa\/Ecoponto<\/td><td>Implanta\u00e7\u00e3o de procedimentos e meios que viabilizem a coleta e a restitui\u00e7\u00e3o dos res\u00edduos s\u00f3lidos ao setor empresarial, para reaproveitamento, em seu ciclo ou em outros ciclos produtivos, ou outra destina\u00e7\u00e3o final ambientalmente adequada, com a ado\u00e7\u00e3o e no m\u00ednimo um ecoponto.<\/td><td>10<\/td><\/tr><tr><td>Res\u00edduo<\/td><td>Tratamento de Efluente<\/td><td>Implanta\u00e7\u00e3o de Sistemas de tratamento biol\u00f3gico de efluentes aprovado pelo \u00f3rg\u00e3o ambiental<\/td><td>7<\/td><\/tr><tr><td>Socioambiental<\/td><td>Ado\u00e7\u00e3o de Parques<\/td><td>Ado\u00e7\u00e3o de Parques Municipais -manuten\u00e7\u00e3o e investimentos.<\/td><td>15<\/td><\/tr><tr><td>Socioambiental<\/td><td>Ado\u00e7\u00e3o de Pra\u00e7as<\/td><td>Ado\u00e7\u00e3o de Pra\u00e7as &#8211; manuten\u00e7\u00e3o e investimentos.<\/td><td>5<\/td><\/tr><tr><td>Socioambiental<\/td><td>Horta Comunit\u00e1ria<\/td><td>Implanta\u00e7\u00e3o de Hortas Comunit\u00e1rias em \u00e1reas privadas e p\u00fablicas (mediante autoriza\u00e7\u00e3o pr\u00e9via)<\/td><td>7<\/td><\/tr><tr><td>Socioambiental<\/td><td>Incentivo a Cooperativas<\/td><td>Ado\u00e7\u00e3o de cooperativas ligadas \u00e0 prefeitura &#8211; estrutura\u00e7\u00e3o, manuten\u00e7\u00e3o e capacita\u00e7\u00e3o.<\/td><td>15<\/td><\/tr><tr><td>Socioambiental<\/td><td>Projetos de Inova\u00e7\u00f5es Tecn\u00f3logicas Ambientais<\/td><td>Implanta\u00e7\u00e3o de projetos de inova\u00e7\u00e3o tecnol\u00f3gica que promovam a conserva\u00e7\u00e3o de riquezas naturais e\/ou diminua os impactos causados ao meio ambiente.<\/td><td>10<\/td><\/tr><tr><td>Socioambiental<\/td><td>Transporte Limpo<\/td><td>Ado\u00e7\u00e3o de no m\u00ednimo 30% da frota movida \u00e0 bioconbust\u00edveis ou eletricidade.<\/td><td>15<\/td><\/tr><tr><td>Socioambiental<\/td><td>Bem-estar animal<\/td><td>Doa\u00e7\u00e3o de R$ 500,00 por <strong>no m\u00ednimo<\/strong> 6 meses a ONGs e abrigos cadastrados na prefeitura<\/td><td>5<\/td><\/tr><tr><td>Socioambiental<\/td><td>Ades\u00e3o ao Projeto Recuprendo Pessosas e Parques<\/td><td>Custear um reeducando no programa por no m\u00ednimo 6 meses.<\/td><td>7<\/td><\/tr><\/tbody><\/table><\/figure>\n\n\n\n<h3 class=\"wp-block-heading\">Informa\u00e7\u00f5es de Contato<\/h3>\n\n\n\n<p><strong>Ger\u00eancia de Formula\u00e7\u00e3o de Pol\u00edticas e Pesquisa Ambiental<\/strong><\/p>\n\n\n\n<p><strong>Telefone: <\/strong>(62) 3524-1411<\/p>\n\n\n\n<p><strong>E-mail: <\/strong><a href=\"mailto:gerfpp@gmail.com\">gerfpp@gmail.com<\/a><\/p>\n","protected":false},"excerpt":{"rendered":"<p>O que \u00e9 o programa? O Programa de Certifica\u00e7\u00e3o em Sustentabilidade Ambiental tem o objetivo de estimular a pr\u00e1tica de processos socioambientalmente sustent\u00e1veis com a implanta\u00e7\u00e3o de projetos de conserva\u00e7\u00e3o, recupera\u00e7\u00e3o e promo\u00e7\u00e3o da qualidade do ambiente no Munic\u00edpio de Goi\u00e2nia. A certifica\u00e7\u00e3o a que se refere o caput ser\u00e1 facultada a todos os empreendimentos [&hellip;]<\/p>\n","protected":false},"author":1,"featured_media":0,"parent":0,"menu_order":0,"comment_status":"closed","ping_status":"closed","template":"page-templates\/page-sidebar-right.php","meta":{"_acf_changed":false,"custom_icon_class":"","footnotes":""},"class_list":["post-264","page","type-page","status-publish","hentry"],"acf":[],"_links":{"self":[{"href":"https:\/\/www.goiania.go.gov.br\/amma\/wp-json\/wp\/v2\/pages\/264","targetHints":{"allow":["GET"]}}],"collection":[{"href":"https:\/\/www.goiania.go.gov.br\/amma\/wp-json\/wp\/v2\/pages"}],"about":[{"href":"https:\/\/www.goiania.go.gov.br\/amma\/wp-json\/wp\/v2\/types\/page"}],"author":[{"embeddable":true,"href":"https:\/\/www.goiania.go.gov.br\/amma\/wp-json\/wp\/v2\/users\/1"}],"replies":[{"embeddable":true,"href":"https:\/\/www.goiania.go.gov.br\/amma\/wp-json\/wp\/v2\/comments?post=264"}],"version-history":[{"count":11,"href":"https:\/\/www.goiania.go.gov.br\/amma\/wp-json\/wp\/v2\/pages\/264\/revisions"}],"predecessor-version":[{"id":418,"href":"https:\/\/www.goiania.go.gov.br\/amma\/wp-json\/wp\/v2\/pages\/264\/revisions\/418"}],"wp:attachment":[{"href":"https:\/\/www.goiania.go.gov.br\/amma\/wp-json\/wp\/v2\/media?parent=264"}],"curies":[{"name":"wp","href":"https:\/\/api.w.org\/{rel}","templated":true}]}}